{"id":677,"date":"2018-11-06T02:07:28","date_gmt":"2018-11-06T00:07:28","guid":{"rendered":"http:\/\/www.kalmenzone.de\/wordpress\/?page_id=677"},"modified":"2026-04-06T01:17:42","modified_gmt":"2026-04-05T23:17:42","slug":"logbuch","status":"publish","type":"page","link":"https:\/\/www.kalmenzone.de\/wordpress\/kuenstlergruppe\/logbuch\/","title":{"rendered":"Logbuch"},"content":{"rendered":"<h3>Aus dem Logbuch f\u00fcr &#8230;<\/h3>\r\n<h3>\u00a0<\/h3>\r\n<h4>&#8230; Oktober 2018:<\/h4>\r\n<p>Intensive Suche nach Rastplatz durch alle sieben Weltmeere; schlie\u00dflich Kalmenzone gefunden. Pr\u00e4chtige Stimmung auf Gaffeln und Rahen.<\/p>\r\n<p>&nbsp;<\/p>\r\n<p>&nbsp;<\/p>\r\n<h4>&#8230; November 2018:<\/h4>\r\n<p>&nbsp;<\/p>\r\n<div id=\"attachment_697\" style=\"width: 360px\" class=\"wp-caption alignnone\"><a href=\"https:\/\/www.kalmenzone.de\/wordpress\/wp-content\/uploads\/2018\/11\/IreneKlaffke_V\u00f6gelfliegen\u00fcbersDach_2018.jpg\"><img loading=\"lazy\" decoding=\"async\" aria-describedby=\"caption-attachment-697\" class=\"wp-image-697\" src=\"https:\/\/www.kalmenzone.de\/wordpress\/wp-content\/uploads\/2018\/11\/IreneKlaffke_V\u00f6gelfliegen\u00fcbersDach_2018-203x300.jpg\" alt=\"\" width=\"350\" height=\"518\" srcset=\"https:\/\/www.kalmenzone.de\/wordpress\/wp-content\/uploads\/2018\/11\/IreneKlaffke_V\u00f6gelfliegen\u00fcbersDach_2018-203x300.jpg 203w, https:\/\/www.kalmenzone.de\/wordpress\/wp-content\/uploads\/2018\/11\/IreneKlaffke_V\u00f6gelfliegen\u00fcbersDach_2018.jpg 692w\" sizes=\"auto, (max-width: 350px) 100vw, 350px\" \/><\/a><p id=\"caption-attachment-697\" class=\"wp-caption-text\">Irene Klaffke: V\u00f6gel fliegen \u00fcbers Dach (2018). Federzeichnung, schwarzer Buntstift. Alle Rechte am Bild liegen bei der K\u00fcnstlerin.<\/p><\/div>\r\n<h4>\u00a0<\/h4>\r\n<p>&nbsp;<\/p>\r\n<p style=\"text-align: left; padding-left: 90px;\">DRONTEN \u00dcBER DER STADT<br \/>dr\u00f6hnen in den Ohren<\/p>\r\n<p style=\"padding-left: 90px;\"><em>Doo \u2013 doo<\/em> werden wir<br \/>vor ihrem Angesicht stammeln<\/p>\r\n<p style=\"padding-left: 90px;\">Die Evolution verzeiht<br \/>nicht den kleinsten Fehler<\/p>\r\n<p style=\"padding-left: 90px;\">Die Schn\u00e4bel behielten sie<br \/>lernten das \u00dcbrige<\/p>\r\n<p style=\"padding-left: 90px;\">von einem plump vertrau-<br \/>lichen Laborpraktikanten<\/p>\r\n<p>&nbsp;<\/p>\r\n<h4 style=\"padding-left: 80px; text-align: left;\">\u00a0\u00a0 Cornelius van Alsum<\/h4>\r\n<p style=\"padding-left: 80px;\">\u00a0<\/p>\r\n<p>&nbsp;<\/p>\r\n<h4>&#8230; Dezember 2018:<\/h4>\r\n<p>&nbsp;<\/p>\r\n<p><em>St. Petersburg 2<\/em><\/p>\r\n<p>Mit einmal locken Lichtrauten uns in sonst dunkle Hinterh\u00f6fe. Beleben f\u00fcr kurze Zeit Glassplitter und eine blinde Laterne.<br \/>Das die ganze Stadt durchziehende Netz aus Oberleitungsdr\u00e4hten hat sich auch hier festgesponnen.<br \/>Als wir aus dem k\u00fchlen Hinterhof wieder auf die Stra\u00dfe treten, hat die Zeit solange gewartet: Die Autos haben stillgestanden und fahren, zugleich mit dem Wind, wieder los. Auch der Regen setzt erst jetzt wieder ein; der sanfte Regen, der vielleicht nur eine Brise vom Meer ist, eine permanente Brise, die das Rot von den H\u00e4userd\u00e4chern w\u00e4scht, von anderen das Gr\u00fcn.<\/p>\r\n<p>&nbsp;<\/p>\r\n<h4>Christine Kappe<\/h4>\r\n<p>&nbsp;<\/p>\r\n<p>&nbsp;<\/p>\r\n<h4>&#8230; Januar 2019:<\/h4>\r\n<p>&nbsp;<\/p>\r\n<p><em>Aquaphobie<br \/><\/em>f\u00fcr Paul van Ostaijen (1896\u20131928)<\/p>\r\n<p>&nbsp;<\/p>\r\n<p>Wie der Dichter<br \/>und sein Schimpanse<br \/>denke ich oft an die Nordsee.<br \/>Wie der Schimpanse<br \/>denke ich immer wieder,<br \/>das Wasser der Nordsee<br \/>ist mir zuwider.<br \/>Ich lasse mich im Neandertal nieder.<\/p>\r\n<p>&nbsp;<\/p>\r\n<h4>Romain John van de Maele<\/h4>\r\n<p>&nbsp;<\/p>\r\n<p>&nbsp;<\/p>\r\n<h4>&#8230; Februar 2019:<\/h4>\r\n<p>&nbsp;<\/p>\r\n<p>Das Numinose<\/p>\r\n<p>&nbsp;<\/p>\r\n<p>geht niemals allein au\u00dfer Haus<br \/>denn es ist nackt und blo\u00df und<br \/>kennt uns all nicht denn es hat<br \/>ja doch alles schon immer ge=<br \/>wu\u00dft : dies namenlose Grauen<\/p>\r\n<p>&nbsp;<\/p>\r\n<p style=\"padding-left: 120px;\"><em>\u00a0\u00a0 \u00a0 f\u00fcr R. P.<\/em><\/p>\r\n<p>&nbsp;<\/p>\r\n<h4>Alexandra Bernhardt<\/h4>\r\n<p>&nbsp;<\/p>\r\n<p>&nbsp;<\/p>\r\n<h4>&#8230; M\u00e4rz 2019:<\/h4>\r\n<p>&nbsp;<\/p>\r\n<p><em>das humane kapitel<\/em><\/p>\r\n<p>&nbsp;<\/p>\r\n<p>verschwunden im wirtschafts<\/p>\r\n<p>wunde<\/p>\r\n<p><em>\u00a0 \u00a0 <\/em><\/p>\r\n<h4>Caroline Hartge<\/h4>\r\n<p>&nbsp;<\/p>\r\n<p>&nbsp;<\/p>\r\n<h4>&#8230; April 2019:<\/h4>\r\n<p>&nbsp;<\/p>\r\n<div id=\"attachment_908\" style=\"width: 360px\" class=\"wp-caption alignnone\"><a href=\"https:\/\/www.kalmenzone.de\/wordpress\/wp-content\/uploads\/2019\/03\/Flatterulme-Baum-des-Jahre-2019-Bleistiftzeichnung-e1554066572298.jpg\"><img loading=\"lazy\" decoding=\"async\" aria-describedby=\"caption-attachment-908\" class=\"wp-image-908 size-full\" src=\"https:\/\/www.kalmenzone.de\/wordpress\/wp-content\/uploads\/2019\/03\/Flatterulme-Baum-des-Jahre-2019-Bleistiftzeichnung-e1554066572298.jpg\" alt=\"\" width=\"350\" height=\"466\" \/><\/a><p id=\"caption-attachment-908\" class=\"wp-caption-text\">Irene Klaffke: Flatterulme &#8211; Baum des Jahres 2019. Bleistiftzeichnung. Alle Rechte am Bild liegen bei der K\u00fcnstlerin.<\/p><\/div>\r\n<p>&nbsp;<\/p>\r\n<p>&nbsp;<\/p>\r\n<h4>&#8230; Mai 2019:<\/h4>\r\n<p>&nbsp;<\/p>\r\n<p><em>Projektionsfl\u00e4che sticht Standbild:<\/em> Schon durch Peter Shaffers Theaterst\u00fcck und Drehbuch \u201eAmadeus\u201c hat Mozarts vermeintlicher Rivale Antonio Salieri, dort gegen den musikgeschichtlichen Befund zum Patron der Mittelm\u00e4\u00dfigen ausgerufen, stark an Publikumsinteresse gewonnen. Dem Geniekult, von dem Mozart lange Zeit profitierte, wird aber erst so richtig Paroli geboten, seit Internetportale mit Kommentarfunktion breitesten Raum f\u00fcr noch so unberufene Rehabilitationen, Ehrenerkl\u00e4rungen, Solidarisierungen und kaum verhohlene Identifikationen bieten.<\/p>\r\n<p><em>\u00a0\u00a0 <\/em><\/p>\r\n<h4>Cornelius van Alsum<\/h4>\r\n<p>&nbsp;<\/p>\r\n<p>&nbsp;<\/p>\r\n<h4>&#8230; Juni 2019:<\/h4>\r\n<p>&nbsp;<\/p>\r\n<p><em>St. Petersburg 6<\/em><\/p>\r\n<p>Die eigentliche Apokalypsenjahreszeit ist der Sommer!<\/p>\r\n<p>Auf der Stra\u00dfe, wenn weit &amp; breit kein Auto zu sehen ist, riecht es pl\u00f6tzlich nach Abgasen, die irgendwo aus der Erde gekrochen kommen, und die verrammelten Geb\u00e4ude gleichen von innen faulenden Pal\u00e4sten.<\/p>\r\n<p>Wenn nur das der Tod w\u00e4re: in der Sonne auf dem Balkon zu schlafen und ab und zu aufzuwachen &#8230; ich w\u00fcrde ihn ertragen. Die Stimmung aber hier macht mir Angst. Die Wolken sind zu dicht gewebt. Ich f\u00fcrchte, dass mir das Lachen schmerzt und solche Dinge, wirklich schreckliche Dinge &#8230;<\/p>\r\n<p><em>\u00a0\u00a0 <\/em><\/p>\r\n<h4>Christine Kappe<\/h4>\r\n<p>&nbsp;<\/p>\r\n<p>&nbsp;<\/p>\r\n<h4>&#8230; Juli 2019:<\/h4>\r\n<p>&nbsp;<\/p>\r\n<p><em>Sedimente f\u00fcr Seelenforscher<\/em><\/p>\r\n<p>&nbsp;<\/p>\r\n<p>Mit siebzig hat man keine Tr\u00e4ume, <br \/>es wachsen nur wenige B\u00e4ume <br \/>im Wintergarten des Lebens. <br \/>Was gewesen ist, hat sich abgelagert <br \/>in der Deltam\u00fcndung <br \/>der verpassten Chancen: <br \/>Sedimente f\u00fcr Seelenforscher.<\/p>\r\n<p>&nbsp;<\/p>\r\n<h4>Romain John van de Maele<\/h4>\r\n<p>&nbsp;<\/p>\r\n<p>&nbsp;<\/p>\r\n<h4>&#8230; August 2019:<\/h4>\r\n<p>&nbsp;<\/p>\r\n<p><em>Aus Herigunds Reich<\/em><\/p>\r\n<p>&nbsp;<\/p>\r\n<p>Im ersten Licht <br \/>Im blauen Hag <br \/>Es setzt sich was <br \/>Im Haine auf <br \/>Es tschilpt <br \/>Es fiept <br \/>Es flattert fex <br \/>Ei ei ein Ei= <br \/>Chelh\u00e4her <br \/>Tagt<\/p>\r\n<p>&nbsp;<\/p>\r\n<p style=\"padding-left: 40px;\"><em>\u00a0\u00a0\u00a0 \u00a0 \u00a0 f\u00fcr G. E.<\/em><\/p>\r\n<p>&nbsp;<\/p>\r\n<h4>Alexandra Bernhardt<\/h4>\r\n<p>&nbsp;<\/p>\r\n<p>&nbsp;<\/p>\r\n<h4>&#8230; September 2019:<\/h4>\r\n<p>&nbsp;<\/p>\r\n<p>ich kann nicht mehr engel schreiben<\/p>\r\n<p>&nbsp;<\/p>\r\n<p>es wird immer<\/p>\r\n<p>enger draus<\/p>\r\n<p>&nbsp;<\/p>\r\n<h4>Caroline Hartge<\/h4>\r\n<p>&nbsp;<\/p>\r\n<p>&nbsp;<\/p>\r\n<h4>&#8230; Oktober 2019:<\/h4>\r\n<p>&nbsp;<\/p>\r\n<div id=\"attachment_1118\" style=\"width: 360px\" class=\"wp-caption alignnone\"><a href=\"https:\/\/www.kalmenzone.de\/wordpress\/wp-content\/uploads\/2019\/10\/f\u00fcrOkt19_Aronstab-Giftpflanze-des-Jahres-2019-Bleistift-schwarzer-Buntstift-2019.jpg\"><img loading=\"lazy\" decoding=\"async\" aria-describedby=\"caption-attachment-1118\" class=\"wp-image-1118\" src=\"https:\/\/www.kalmenzone.de\/wordpress\/wp-content\/uploads\/2019\/10\/f\u00fcrOkt19_Aronstab-Giftpflanze-des-Jahres-2019-Bleistift-schwarzer-Buntstift-2019-191x300.jpg\" alt=\"\" width=\"350\" height=\"549\" srcset=\"https:\/\/www.kalmenzone.de\/wordpress\/wp-content\/uploads\/2019\/10\/f\u00fcrOkt19_Aronstab-Giftpflanze-des-Jahres-2019-Bleistift-schwarzer-Buntstift-2019-191x300.jpg 191w, https:\/\/www.kalmenzone.de\/wordpress\/wp-content\/uploads\/2019\/10\/f\u00fcrOkt19_Aronstab-Giftpflanze-des-Jahres-2019-Bleistift-schwarzer-Buntstift-2019-768x1204.jpg 768w, https:\/\/www.kalmenzone.de\/wordpress\/wp-content\/uploads\/2019\/10\/f\u00fcrOkt19_Aronstab-Giftpflanze-des-Jahres-2019-Bleistift-schwarzer-Buntstift-2019-653x1024.jpg 653w, https:\/\/www.kalmenzone.de\/wordpress\/wp-content\/uploads\/2019\/10\/f\u00fcrOkt19_Aronstab-Giftpflanze-des-Jahres-2019-Bleistift-schwarzer-Buntstift-2019.jpg 1434w\" sizes=\"auto, (max-width: 350px) 100vw, 350px\" \/><\/a><p id=\"caption-attachment-1118\" class=\"wp-caption-text\">Irene Klaffke: Aronstab &#8211; Giftpflanze des Jahres 2019. Bleistift, schwarzer Buntstift. Alle Rechte am Bild liegen bei der K\u00fcnstlerin.<\/p><\/div>\r\n<p>&nbsp;<\/p>\r\n<p>&nbsp;<\/p>\r\n<h4>&#8230; November 2019:<\/h4>\r\n<p>&nbsp;<\/p>\r\n<p><em>Aphorismen<\/em><\/p>\r\n<p>&nbsp;<\/p>\r\n<p>Merke: Wer dagegen ist und trotzdem dazu geh\u00f6ren m\u00f6chte, wird am Ende daf\u00fcr gewesen sein und trotzdem nicht dazu geh\u00f6rt haben.<\/p>\r\n<p>Ehrlichkeit ohne H\u00f6flichkeit ist eine Grobheit; H\u00f6flichkeit ohne Ehrlichkeit ein Widersinn und also eine Teufelei.<\/p>\r\n<p>Pasiphaes Lieferservice: Der Werbeslogan \u201eIch will ein Rind von dir\u201c beweist au\u00dfer schlechtem Geschmack auch eine umfassende Traditionsvergessenheit. Die Gemahlin des Minos k\u00f6nnte heutzutage trotz ihres mythisch schlechten Rufs sofort bei einem gewissen Lieferdienst anfangen.<\/p>\r\n<p>Wer die restlose Gleichheit aller Lebensverh\u00e4ltnisse anstrebt, setze nur immer auf Nullen als Multiplikatoren.<\/p>\r\n<p>&nbsp;<\/p>\r\n<h4>Cornelius van Alsum<\/h4>\r\n<p>&nbsp;<\/p>\r\n<p>&nbsp;<\/p>\r\n<h4>&#8230; Dezember 2019:<\/h4>\r\n<p>&nbsp;<\/p>\r\n<p><em>St. Petersburg 5<\/em><\/p>\r\n<p>Die Sprache ist &#8211; ebenso wie die Stadt &#8211; eine gro\u00dfartig angelegte B\u00fchne. Aber sie wird ja wirklich benutzt! Zu meiner Verwunderung hantieren sie leichtf\u00fc\u00dfig mit W\u00f6rtern, von denen jedes zweite so schwer und verziert ist wie ein Kronleuchter in einem Traum von Dekabristen. Im Gegensatz zu den Bolschewisten haben die sich selbst riskiert und nicht andere Menschenleben. Katja tr\u00e4umt davon, nach Sibirien zu fahren, einst, dorthin, wo &#8230; nein: Gott lebt in Norwegen, aber in Sibirien der Geist der Dekabristen.<\/p>\r\n<p>&nbsp;<\/p>\r\n<h4>Christine Kappe<\/h4>\r\n<p>&nbsp;<\/p>\r\n<p>&nbsp;<\/p>\r\n<h4>&#8230; Januar 2020:<\/h4>\r\n<p>&nbsp;<\/p>\r\n<p><em>Brauerei der Parkabtei, Herbst 2019<\/em><\/p>\r\n<p>Hier vollzieht sich eine Wiedergeburt. Die alten Geb\u00e4ude der Parkabtei sind gesch\u00fctzt, und fast alle Mauern und D\u00e4cher sind renoviert. Wie auf dem Gem\u00e4lde <em>Volksz\u00e4hlung zu Bethlehem<\/em> von Pieter Bruegel dem \u00c4lteren hat sich vor einer T\u00fcr eine gro\u00dfe Menge Besucher versammelt. Sie wollen sich die erneuerte Brauerei anschauen, und vor allem wollen sie das Bier probieren. Keine kleinen Schl\u00fcckchen! Keiner liest, was auf jeder Flasche steht:<em> ne quid nimis<\/em><em>. <\/em>Es gibt fast keine M\u00f6nche mehr, und Himmel und H\u00f6lle sind antediluviale Begriffe. Libertus<em> \u2013 first limited edition<\/em><em> \u2013 <\/em>wird aber vielen Besuchern die H\u00f6lle hei\u00dfmachen. Was bedeutet <em>ne quid nimis<\/em>, wundert sich ein alter Mann, der ausnahmsweise die Beschriftung gelesen hat. Seine Frau wei\u00df Bescheid: Es ist nur der Wahlspruch der M\u00f6nche, sonst gar nichts.<\/p>\r\n<p>&nbsp;<\/p>\r\n<h4>Romain John van de Maele<\/h4>\r\n<p>&nbsp;<\/p>\r\n<p>&nbsp;<\/p>\r\n<h4>&#8230; Februar 2020:<\/h4>\r\n<p>&nbsp;<\/p>\r\n<p><em>Anfang Februar<\/em><\/p>\r\n<p>&nbsp;<\/p>\r\n<p><span class=\"fontstyle0\">Auf den Gr\u00e4sern liegt am Morgen Rauhreif,<br \/>der in der wiedergeborenen Sonne schwindet,<br \/>w\u00e4hrend die Schnecke lange schon heimgekehrt ist.<\/span><\/p>\r\n<p><span class=\"fontstyle0\">Die Kr\u00e4hen sitzen in den lichten B\u00e4umen<br \/>wie wartende Totengr\u00e4ber.<br \/>Sie wissen, da\u00df der Winter bald stirbt.<br \/>Manchmal fliegt eine von ihnen auf.<br \/>Dann steht der Himmel offen,<br \/>und die Welt wird ein Haus.<\/span><\/p>\r\n<p>&nbsp;<\/p>\r\n<p style=\"padding-left: 280px;\"><em>f\u00fcr G. E.<\/em><\/p>\r\n<h4>\u00a0<\/h4>\r\n<h4>Alexandra Bernhardt<\/h4>\r\n<p>&nbsp;<\/p>\r\n<p>&nbsp;<\/p>\r\n<h4>&#8230; M\u00e4rz 2020:<\/h4>\r\n<div>\r\n<p>&nbsp;<\/p>\r\n<p>das motors\u00e4genkreischen<\/p>\r\n<p>h\u00e4ngt seit tagen \u00fcberm quartier<\/p>\r\n<p>&nbsp;<\/p>\r\n<p>heute<\/p>\r\n<p>hundert kraniche.<\/p>\r\n<\/div>\r\n<p>&nbsp;<\/p>\r\n<h4>Caroline Hartge<\/h4>\r\n<p>&nbsp;<\/p>\r\n<h4>\u00a0<\/h4>\r\n<h4>&#8230; April 2020:<\/h4>\r\n<p>&nbsp;<\/p>\r\n<div id=\"attachment_1169\" style=\"width: 460px\" class=\"wp-caption alignleft\"><a href=\"https:\/\/www.kalmenzone.de\/wordpress\/wp-content\/uploads\/2020\/03\/Naturstudien_1965_Federzeichnung_fApr20.jpg\"><img loading=\"lazy\" decoding=\"async\" aria-describedby=\"caption-attachment-1169\" class=\"wp-image-1169\" src=\"https:\/\/www.kalmenzone.de\/wordpress\/wp-content\/uploads\/2020\/03\/Naturstudien_1965_Federzeichnung_fApr20.jpg\" alt=\"\" width=\"450\" height=\"450\" srcset=\"https:\/\/www.kalmenzone.de\/wordpress\/wp-content\/uploads\/2020\/03\/Naturstudien_1965_Federzeichnung_fApr20.jpg 768w, https:\/\/www.kalmenzone.de\/wordpress\/wp-content\/uploads\/2020\/03\/Naturstudien_1965_Federzeichnung_fApr20-300x300.jpg 300w, https:\/\/www.kalmenzone.de\/wordpress\/wp-content\/uploads\/2020\/03\/Naturstudien_1965_Federzeichnung_fApr20-150x150.jpg 150w\" sizes=\"auto, (max-width: 450px) 100vw, 450px\" \/><\/a><p id=\"caption-attachment-1169\" class=\"wp-caption-text\">Irene Klaffke: Naturstudien (1965). Federzeichnung. Alle Rechte am Bild liegen bei der K\u00fcnstlerin.<\/p><\/div>\r\n<p>&nbsp;<\/p>\r\n<p>&nbsp;<\/p>\r\n<div>\u00a0<\/div>\r\n<p>&nbsp;<\/p>\r\n<p>&nbsp;<\/p>\r\n<p>&nbsp;<\/p>\r\n<p>&nbsp;<\/p>\r\n<p>&nbsp;<\/p>\r\n<p>&nbsp;<\/p>\r\n<p>&nbsp;<\/p>\r\n<p>&nbsp;<\/p>\r\n<p>&nbsp;<\/p>\r\n<p>&nbsp;<\/p>\r\n<p>&nbsp;<\/p>\r\n<p>&nbsp;<\/p>\r\n<p>&nbsp;<\/p>\r\n<p>&nbsp;<\/p>\r\n<p>&nbsp;<\/p>\r\n<p>&nbsp;<\/p>\r\n<p>&nbsp;<\/p>\r\n<h4>&#8230; <strong>Mai 2020:<\/strong><\/h4>\r\n<p>&nbsp;<\/p>\r\n<p><em>Aphorismen<\/em><\/p>\r\n<p>&nbsp;<\/p>\r\n<p>Im Hofstaat der Ironiker f\u00e4llt dem Ernsthaften die Rolle des Narren zu.<\/p>\r\n<p>Den Ungl\u00fccklichen zur Warnung: Jede Berufung ist ein Schicksal, aber nicht jedes Schicksal eine Berufung.<\/p>\r\n<p>Nach Hegel beginnt <em>die Eule der Minerva<\/em> &#8230; <em>erst mit der einbrechenden D\u00e4mmerung ihren Flug.<\/em> Das ist mi\u00dflicherweise ein Zeitpunkt, vor dem die Zwerge bereits Schatten geworfen haben. Insofern geh\u00f6rt ein gewisses Ma\u00df an Kulturpessimismus zum philosophischen Eulendienst dazu.<\/p>\r\n<p>Sollte man \u201eAphorismus\u201c mit \u201eGedankensplitter\u201c verdeutschen? Bedenkt man, wie wenig sich gerade in dieser Gattung herbeizwingen l\u00e4\u00dft, wie viel sich andererseits beil\u00e4ufig durch das Nachdenken \u00fcber gr\u00f6\u00dfere Zusammenh\u00e4nge ergibt, so w\u00e4re \u201eGedankenspan\u201c zutreffender.<\/p>\r\n<p>&nbsp;<\/p>\r\n<h4>Cornelius van Alsum<\/h4>\r\n<p>&nbsp;<\/p>\r\n<p>&nbsp;<\/p>\r\n<h4>&#8230; Juni 2020:<\/h4>\r\n<p>&nbsp;<\/p>\r\n<p><em>Kleines Essay \u00fcber laufende Motoren<\/em><\/p>\r\n<p>Wenn etwas vor unserer Haust\u00fcr brummt, ist es nicht der Verkehr, sondern Autos, die da mit laufenden Motoren warten. Immer ist das so. Im Winter, weil sie nicht frieren und die Heizung anmachen m\u00f6chten. Im Sommer wollen sie nicht schwitzen und haben die Klimaanlage laufen. Im Fr\u00fchling k\u00f6nnen sie sich nicht so schnell von ihren Verwandten verabschieden, aber den Motor haben sie schon angeworfen. Im Herbst k\u00f6nnen sie sich nicht entscheiden, wo sie hinfahren, aber der Wagen rappelt schon mal. Es brummt und summt, auch wenn sie l\u00e4ngst nicht mehr vor unserem Haus stehen, vibriert es in meinem Kopf. Mich \u00fcberkommt dann eine furchtbare Unruhe, ich denke, ich m\u00fcsste das Fenster aufmachen und rausbr\u00fcllen, oder das Fenster zumachen. Oder die Polizei rufen oder mich nicht so anstellen. Und ich ahne: Ich werde es nie \u00e4ndern. Doch warum stehen sie ausgerechnet vor <em>unserem <\/em>Haus?<\/p>\r\n<p>&nbsp;<\/p>\r\n<h4>Christine Kappe<\/h4>\r\n<p>&nbsp;<\/p>\r\n<p>&nbsp;<\/p>\r\n<h4>&#8230; Juli 2020:<\/h4>\r\n<p>&nbsp;<\/p>\r\n<p>Hier, wo Licht und Flut <br \/>meine Sprache beherrschen, <br \/>fliegen M\u00f6wen immer leise <br \/>meiner Wehmut vorbei.<\/p>\r\n<p>Das Wasser singt heiter <br \/>das ewige Versprechen <br \/>von einem neuen Tag, <br \/>bis ich die Farben <br \/>mit geschlossenen Augen <br \/>dem Papier anvertraue.<\/p>\r\n<p>&nbsp;<\/p>\r\n<h4>Romain John van de Maele<\/h4>\r\n<p>&nbsp;<\/p>\r\n<p>&nbsp;<\/p>\r\n<h4>&#8230; August 2020:<\/h4>\r\n<p>&nbsp;<\/p>\r\n<p><em>Krabbe<\/em><\/p>\r\n<p>&nbsp;<\/p>\r\n<p><span class=\"fontstyle0\">Im Watt<br \/>traf ich dich<br \/>kleiner Freund<br \/>sah dich flinken Beins<br \/>hinrennen in eines Kindes<br \/>sicheren Sandburghafen :<br \/>der setzte dich leider<br \/>in Haf<\/span>t<\/p>\r\n<p>&nbsp;<\/p>\r\n<h4>Alexandra Bernhardt<\/h4>\r\n<p>&nbsp;<\/p>\r\n<p>&nbsp;<\/p>\r\n<h4>&#8230; September 2020:<\/h4>\r\n<p>&nbsp;<\/p>\r\n<p>eben noch stand es <br \/>in den wohnzimmergardinen und sang mit heller stimme <br \/>den morgenstern aus; jetzt<\/p>\r\n<p>schickt es aus einer anderen zeitzone <br \/>ein bild von den himmelsgardinen <br \/>(und kann <em>aurora<\/em> mir erkl\u00e4ren)<\/p>\r\n<p>&nbsp;<\/p>\r\n<h4>Caroline Hartge<\/h4>\r\n<p>&nbsp;<\/p>\r\n<p>&nbsp;<\/p>\r\n<h4>&#8230; Oktober 2020:<\/h4>\r\n<p>&nbsp;<\/p>\r\n<p><em>Drei Haiku (Sommer 2020)<\/em><\/p>\r\n<p>&nbsp;<\/p>\r\n<p>Abendsonne scheint <br \/>\u00fcber die fernen Laute <br \/>tausender Puten<\/p>\r\n<p>&nbsp;<\/p>\r\n<p>Die Wespen knistern <br \/>aus der Tapete dringen <br \/>vor in die Tr\u00e4ume<\/p>\r\n<p>&nbsp;<\/p>\r\n<p>Als ich <em>Angstbl\u00fcte <br \/><\/em>denke b\u00e4umt sich ein Wiesel <br \/>Wir schauen uns an<\/p>\r\n<p>&nbsp;<\/p>\r\n<h4>Cornelius van Alsum<\/h4>\r\n<p>&nbsp;<\/p>\r\n<p>&nbsp;<\/p>\r\n<h4>&#8230; November 2020:<\/h4>\r\n<p>&nbsp;<\/p>\r\n<p><em>Die Amseln trotzen den Katzen<\/em><\/p>\r\n<p>&nbsp;<\/p>\r\n<p>In die Landschaft schauen <br \/>nichts weiter <br \/>Nichts trinken, nichts schreiben <br \/>nichts verlieren<\/p>\r\n<p>Bei den Nachbarn sieht man niemanden am Fenster <br \/>Kein Licht, nur frische Blumen <br \/>Es regnet in die Schornsteine <br \/>Die Amseln trotzen den Katzen<\/p>\r\n<p>&nbsp;<\/p>\r\n<h4>Christine Kappe<\/h4>\r\n<p>&nbsp;<\/p>\r\n<div id=\"attachment_1350\" style=\"width: 360px\" class=\"wp-caption aligncenter\"><a href=\"https:\/\/www.kalmenzone.de\/wordpress\/wp-content\/uploads\/2020\/10\/IreneKlaffkeDieAmselntrotzendenKatzen.jpg\"><img loading=\"lazy\" decoding=\"async\" aria-describedby=\"caption-attachment-1350\" class=\"wp-image-1350\" src=\"https:\/\/www.kalmenzone.de\/wordpress\/wp-content\/uploads\/2020\/10\/IreneKlaffkeDieAmselntrotzendenKatzen.jpg\" alt=\"\" width=\"350\" height=\"477\" srcset=\"https:\/\/www.kalmenzone.de\/wordpress\/wp-content\/uploads\/2020\/10\/IreneKlaffkeDieAmselntrotzendenKatzen.jpg 437w, https:\/\/www.kalmenzone.de\/wordpress\/wp-content\/uploads\/2020\/10\/IreneKlaffkeDieAmselntrotzendenKatzen-220x300.jpg 220w\" sizes=\"auto, (max-width: 350px) 100vw, 350px\" \/><\/a><p id=\"caption-attachment-1350\" class=\"wp-caption-text\">Irene Klaffke: Die Amseln trotzen den Katzen. &#8211; Alle Rechte am Bild liegen bei der K\u00fcnstlerin.<\/p><\/div>\r\n<p>&nbsp;<\/p>\r\n<p>&nbsp;<\/p>\r\n<h4>&#8230; Dezember 2020:<\/h4>\r\n<p>&nbsp;<\/p>\r\n<p><em>Winter in J\u00fctland, 1972<br \/><\/em><\/p>\r\n<p>&nbsp;<\/p>\r\n<p>Ich h\u00f6re wie meine F\u00fc\u00dfe und die Erde mit einander sprechen und wie die V\u00f6gel K\u00e4lte voraussagen. Meine Finger und meine Augen wissen schon l\u00e4ngst Bescheid, wenn Bodils Hund ins Gestr\u00fcpp verschwindet. Nach einer langen Wanderung ohne Ziel pfeife ich, und der Hund ist sofort wieder bei mir. Er h\u00f6rt wie ich meine Gedanken dem peitschenden Wind anvertraue und best\u00e4tigt als einziger Zeuge meiner Willenserkl\u00e4rung, dass ich hier nach vielen Meditationen einge\u00e4schert werden will. Warum das Nordlicht mich eingeladen hat, wei\u00df nur der Sturmvogel. Weder Wotan noch die Walk\u00fcren sollen mir das Fell \u00fcber die Ohren ziehen.<\/p>\r\n<p>&nbsp;<\/p>\r\n<h4>Romain John van de Maele<\/h4>\r\n<p>&nbsp;<\/p>\r\n<p>&nbsp;<\/p>\r\n<h4>&#8230; Januar 2021:<\/h4>\r\n<p>&nbsp;<\/p>\r\n<p><em>Mens sana<br \/><br \/><br \/><\/em> <span class=\"fontstyle0\">Gestern noch<br \/>gemahnte Mohn<br \/>an gewesene Monde<br \/>vergangene M\u00e4hden<br \/>honigs\u00fc\u00dfen Most<br \/><br \/>Heute jedoch<br \/>gesteht ein Ger\u00e4t<br \/>deine Sterblichkeit<br \/>bemi\u00dft deine Seele<br \/>auf genau \u03c0 Gramm<br \/>pro Broteinheit<br \/><br \/><\/span><span class=\"fontstyle0\">Morgen dann<br \/>bist du ein Bild nurmehr<br \/>in niemandes Kopf<\/span><\/p>\r\n<p>&nbsp;<\/p>\r\n<h4>Alexandra Bernhardt<\/h4>\r\n<p>&nbsp;<\/p>\r\n<p>&nbsp;<\/p>\r\n<h4>&#8230; Februar 2021:<\/h4>\r\n<p>&nbsp;<\/p>\r\n<p>an der kaffeemaschine <br \/>steht ein lebensbaum: o darin <br \/>ein vogel zu sein! <br \/>zu baden im schein im funkeln zu turnen <br \/>in beeren zu schn\u00e4beln o zu schwelgen<\/p>\r\n<p>unter deinem goldnen lebensbaum <br \/>gabst du mir helles lachen ein <br \/>vergib mir was den menschen kr\u00e4nkte<\/p>\r\n<p>alle wege laufen hier zusammen <br \/>unter diesem wahren coffe baum; <br \/>von hier verzweigt sich alles <br \/>in reichbesetzte gassen messen &amp; noch weiter <br \/>drau\u00dfen: diakritische w\u00e4lder<\/p>\r\n<p>&nbsp;<\/p>\r\n<h4>Caroline Hartge<\/h4>\r\n<p>&nbsp;<\/p>\r\n<p>&nbsp;<\/p>\r\n<h4>&#8230; M\u00e4rz 2021:<\/h4>\r\n<p>&nbsp;<\/p>\r\n<p><em>Aphorismen<\/em><\/p>\r\n<p>&nbsp;<\/p>\r\n<p>Das L\u00e4cheln der Auguren ist selbst ein Vorzeichen. Sobald sie sich mit allem Ernst begr\u00fc\u00dfen, droht Gefahr.<\/p>\r\n<p>Wenn gen\u00fcgend Leute glauben, sie h\u00e4tten nichts zu verbergen, wird bald niemand mehr etwas zu verbergen haben.<\/p>\r\n<p>Eine der wichtigsten Ressourcen der M\u00e4chtigen ist das Gekr\u00e4nktsein. Nicht die Majest\u00e4t an sich ist furchtbar, sondern die beleidigte Majest\u00e4t.<\/p>\r\n<p>Zum Diplomaten wird man durch Akkreditierung. So ist auch das Urteil dar\u00fcber, wer undiplomatisch sei, eine Machtfrage.<\/p>\r\n<p>Ist die Abneigung gegen Zuspitzungen Ausdruck von Friedfertigkeit oder von Stumpfsinn?<\/p>\r\n<p>&nbsp;<\/p>\r\n<h4>Cornelius van Alsum<\/h4>\r\n<p>&nbsp;<\/p>\r\n<p>&nbsp;<\/p>\r\n<h4>&#8230; April 2021:<\/h4>\r\n<p>&nbsp;<\/p>\r\n<p><em>\u2013 f\u00fcr meinen Vater \u2013 <\/em><\/p>\r\n<p>&nbsp;<\/p>\r\n<p>Immer wenn ich dich anrufe, kommen Handwerker <br \/>Immer sind sie gerade gegangen, wenn ich da bin <br \/>Und du machst dir einen Tee <br \/>Du hast dir alles hingelegt <br \/>Die Jahreszeiten <br \/>Hier ist ein st\u00e4ndiges Kommen und Gehen der V\u00f6gel, sagst du <br \/>Verstehe einer ihre Fahrpl\u00e4ne <br \/>Einer<\/p>\r\n<p>&nbsp;<\/p>\r\n<h4>Christine Kappe<\/h4>\r\n<p>&nbsp;<\/p>\r\n<p>&nbsp;<\/p>\r\n<h4><strong>&#8230; Mai 2021:<\/strong><\/h4>\r\n<p>&nbsp;<\/p>\r\n<p><em>Wie eine Vogelscheuche und ein Blechmann <\/em><\/p>\r\n<p>&nbsp;<\/p>\r\n<p>Wo wir uns begegnet sind, wurden nachher die Br\u00fccken zerst\u00f6rt. Die Hunde bellen nicht mehr und wie die St\u00f6rche sind die blauen Schmetterlinge nie zur\u00fcckgekommen. Nur die Moorleichen schweigen wie zuvor, etwa wie der Mann von Kragelund und die Frau von Haraldsk\u00e6r. Wir haben damals eine gr\u00f6\u00dfere Stadt besuchen wollen, aber wenige W\u00fcnsche gehen von alleine in Erf\u00fcllung. Was wir damals vers\u00e4umt haben, gestaltet sich wie eine Vogelscheuche und ein Blechmann w\u00e4hrend einer nostalgischen Fahrt in die Vergangenheit.<\/p>\r\n<p>&nbsp;<\/p>\r\n<h4>Romain John van de Maele<\/h4>\r\n<p>&nbsp;<\/p>\r\n<p>&nbsp;<\/p>\r\n<h4><strong>&#8230; Juni 2021:<\/strong><\/h4>\r\n<p>&nbsp;<\/p>\r\n<p><em>Nec plus ultra <\/em><\/p>\r\n<p>&nbsp;<\/p>\r\n<p>Im wackerten Dust<br \/>des Morgens scharnickelt<br \/>ein Erfinden \u00fcber die Flur<br \/><br \/>Es ist ein fort und tot<br \/>gelobtes menniglich<br \/>wankendes Biest<br \/><br \/>Schau hin : es kalmiert<br \/>nicht l\u00e4nger vergrenzt \u2013<br \/>entbunden die feiste Lieb<\/p>\r\n<p>&nbsp;<\/p>\r\n<h4>Alexandra Bernhardt<\/h4>\r\n<p>&nbsp;<\/p>\r\n<p>&nbsp;<\/p>\r\n<h4>&#8230; Juli 2021: <br \/>Herzlich willkommen, Sabine G\u00f6ttel <br \/>und Simon Konttas!<\/h4>\r\n<p>&nbsp;<\/p>\r\n<p><em>Mein Zimmer in Isokyr\u00f6 <\/em><\/p>\r\n<p>&nbsp;<\/p>\r\n<p>Kleines Zimmer. Sommer. Leuchten<br \/>vom Wind bewegter Bl\u00e4tterscharen<br \/>auf dem Tische wie von feuchten<br \/>Wasserlachen, silbrig klaren \u2026<br \/><br \/>Stille ringsum, Rot der Decke <br \/>r\u00f6ter als der Mohn, der reift.<br \/>Wenn ich hier vor mir erschrecke,<br \/>dann, weil es mich still umgreift.<br \/><br \/>Bl\u00e4tterflirren, Wasserkr\u00e4useln,<br \/>Augenblicke, wie erstarrt.<br \/>In Schatten sieht den Wind man s\u00e4useln,<br \/>ringsum nichts als Gegenwart &#8230;<\/p>\r\n<p>&nbsp;<\/p>\r\n<h4>Simon Konttas<br \/><br \/><\/h4>\r\n<p><br \/><br \/><em>in diesen zeiten<br \/><br \/><\/em><\/p>\r\n<p>wer immer mir in diesen zeiten das beste <br \/>w\u00fcnscht wei\u00df nicht dass ich alles habe alles <br \/>ist nach meinen w\u00fcnschen eingerichtet ich bin <br \/>f\u00fcr alles und jeden zug\u00e4nglich \u00fcberall zuhause<\/p>\r\n<p>fremd bin ich nur eine handbreit <br \/>abgeneigt von jeher allen festivit\u00e4ten<\/p>\r\n<p>nachts schmiege ich mich <br \/>an eine kalte wand<\/p>\r\n<p>mir fehlt nichts<\/p>\r\n<p>au\u00dfer einer gut gef\u00fcllten w\u00e4rmflasche <br \/>beistand durch einen blick ein fellr\u00fccken <br \/>als lager zuversicht und vielleicht <br \/>ein paar zikaden im sp\u00fclkasten<\/p>\r\n<h4>\u00a0<\/h4>\r\n<h4>Sabine G\u00f6ttel<\/h4>\r\n<p>&nbsp;<\/p>\r\n<p>&nbsp;<\/p>\r\n<h4>&#8230; August 2021:<\/h4>\r\n<p>&nbsp;<\/p>\r\n<p><em>vogelbad <\/em><\/p>\r\n<p>&nbsp;<\/p>\r\n<p>der regen hat <br \/>die schale gef\u00fcllt<br \/>eine nestgemeinschaft, sechse<br \/>kommen durch das welt-<br \/>bad, aber<br \/><br \/>was ist das bad \u2013 <br \/>das wasser die schale die pf\u00fctze<br \/>drumrum<\/p>\r\n<p>&nbsp;<\/p>\r\n<h4>Caroline Hartge<\/h4>\r\n<p>&nbsp;<\/p>\r\n<p>&nbsp;<\/p>\r\n<h4>&#8230; September 2021:<\/h4>\r\n<p>&nbsp;<\/p>\r\n<p><em>Schlechter Film<\/em><\/p>\r\n<p>Filmreif mutet die Koinzidenz an, da\u00df Nicolae Ceau\u0219escu und seine Frau 1989 zun\u00e4chst nach Snagov fl\u00fcchteten, dem angeblichen Begr\u00e4bnisort des von ihnen so gerne vereinnahmten Woiwoden Vlad III. von der Walachei; in Snagov hatte das Machthaberpaar eine Residenz. In T\u00e2rgovi\u0219te wiederum, Vlads einstigem F\u00fcrstensitz, wurden sie vors Standgericht gebracht, mit dem bekannten Ausgang. Die Sequenz, seinerzeit in Ausschnitten massenmedial verbreitet, geh\u00f6rt in der Tat zu einem schlechten Film: Vergesse man nicht, da\u00df der Pf\u00e4hler Vlad in T\u00e2rgovi\u0219te, als eine seiner ersten Schreckenstaten, an den Bojaren Rache genommen haben soll. Und waren es nicht Bojaren des kommunistischen Systems, die Nicolae und Elena Ceau\u0219escu an die Wand stellen lie\u00dfen?<\/p>\r\n<p>&nbsp;<\/p>\r\n<h4>Cornelius van Alsum<\/h4>\r\n<p>&nbsp;<\/p>\r\n<p>&nbsp;<\/p>\r\n<h4>&#8230; Oktober 2021:<\/h4>\r\n<p>&nbsp;<\/p>\r\n<p><em>G\u00f6tterthema<\/em><\/p>\r\n<p>&nbsp;<\/p>\r\n<p>G\u00f6tterthema<br \/>Du musst immer weinen dabei<br \/>Aber was bedeutet es<\/p>\r\n<p><br \/>Schwer zu spielen<br \/>Verschwindet im Tageblau<\/p>\r\n<p><br \/>Und wir bleiben <br \/>An rausgestellten Tischen<br \/>Um uns dr\u00e4ngen sich bunt und hoch und warm die H\u00e4user<\/p>\r\n<p>&nbsp;<\/p>\r\n<h4>Christine Kappe<\/h4>\r\n<p>&nbsp;<\/p>\r\n<p>&nbsp;<\/p>\r\n<h4>&#8230; November 2021:<\/h4>\r\n<p>&nbsp;<\/p>\r\n<p><em>Weltende<\/em><\/p>\r\n<p>&nbsp;<\/p>\r\n<p>Auf Holz gehen Ameisen<br \/>flanieren wie diese merkw\u00fcrdigen <br \/>Puppen die gestern noch an ihren<br \/>Aufh\u00e4ngungen zerrten bevor all der<br \/>ausstaffierte Schmonz \u00fcber ihnen und<br \/>allem einfach zusammenbrach aber<br \/>sie die Ameisen sag ich sind ruhige<br \/>Flaneure lassen sich st\u00f6ren nicht<br \/>auf dem Holz das geschnitzte<br \/>Marionetten einstmals<br \/>eine Bank nannten<\/p>\r\n<p>&nbsp;<\/p>\r\n<h4>Alexandra Bernhardt<\/h4>\r\n<p>&nbsp;<\/p>\r\n<p>&nbsp;<\/p>\r\n<h4>&#8230; Dezember 2021:<\/h4>\r\n<p>&nbsp;<\/p>\r\n<p><em>Aus dem Ged\u00e4chtnis<\/em><\/p>\r\n<p><br \/>Ein heller Wintermorgentag.<br \/>Keine Erinnerung an N\u00e4chte.<br \/>Kein Wissen um die Stunden danach.<br \/>Nur der hellblaue Schnee,<br \/>der orange Glutball der Sonne<br \/>und die K\u00e4lte, die alles<br \/>so weit machte, hell, sauber.<br \/>Unbefleckt hie\u00df:<br \/>Hier tickten keine Uhren<\/p>\r\n<p>und der Schlaf war keine Pflicht.<\/p>\r\n<p>&nbsp;<\/p>\r\n<h4>Simon Konttas<\/h4>\r\n<p>&nbsp;<\/p>\r\n<p>&nbsp;<\/p>\r\n<h4>&#8230; Januar 2022:<\/h4>\r\n<p>&nbsp;<\/p>\r\n<p><em>alter liebesfilm<br \/><\/em><\/p>\r\n<p><br \/>ich nehme mir was \u00fcbrig bleibt und zaubere ein reste paar ich w\u00fcrze es <br \/>mit einem haar das fr\u00fcher ohne zweifel deines war dich w\u00e4rmte es mir <br \/>schabts die seelen r\u00e4nder wund beim schlucken kommt der fu\u00df zuerst <br \/><br \/>und dann der mund und tiefer rutscht es nur wenn ich mich wild verdreh <br \/>ich werde sanft wenn ich auf unsre kahlen h\u00e4upter seh doch wenn es <br \/>heftig in mir w\u00fctet mir die laune steht nach dichtem fell macht dieses <br \/><br \/>eine haar uns nie die szene hell in unserm movie ist es d\u00e4mmrig wie <br \/>in down gelockten w\u00e4nden und wie bei alten stumm film blenden die <br \/>sich zu schwarzen fl\u00e4chen wenden wird auch mein borsten traum <br \/><br \/>vergl\u00fchn wird nie in winter tr\u00fcbsal enden<\/p>\r\n<p>&nbsp;<\/p>\r\n<h4>Sabine G\u00f6ttel<\/h4>\r\n<p>&nbsp;<\/p>\r\n<p>&nbsp;<\/p>\r\n<h4>&#8230; Februar 2022:<\/h4>\r\n<p>&nbsp;<\/p>\r\n<p><em>das liegengebliebene liegenlassen (liegen lassen, was liegen blieb)<br \/><\/em><\/p>\r\n<p><br \/>die lichtmaschine macht ger\u00e4usche<br \/>die batterie ist nicht ganz neu:<br \/>liegen bleiben<\/p>\r\n<p>liegen geblieben sein<br \/>den shogun verkaufen um die streicher zu bezahlen:<br \/>sympathie ohne ende und spiele ohne grenzen<\/p>\r\n<p style=\"padding-left: 40px;\">nicht nur bleibt die uhr stehen<br \/>sie wirft auch ihre zeiger ab<br \/>lern sie anders lesen und h\u00f6r auf deine eltern<br \/>sie senden dir im traum einen toten: dein fahrzeug ist ausgebrannt<\/p>\r\n<p>lass alles liegen und schlepp nichts weiter mit<br \/>gib abschied den abschieden<br \/>von hier aus geht es besser zu fu\u00df<br \/>voran<\/p>\r\n<p>&nbsp;<\/p>\r\n<h4>Caroline Hartge<\/h4>\r\n<p>&nbsp;<\/p>\r\n<p>&nbsp;<\/p>\r\n<h4>&#8230; M\u00e4rz 2022:<\/h4>\r\n<p>&nbsp;<\/p>\r\n<p><em>Aphorismen<br \/><\/em><\/p>\r\n<p>&nbsp;<\/p>\r\n<p>Nichts gef\u00e4hrdet die Freiheit so sehr wie das Bed\u00fcrfnis, weniger unfrei als andere zu sein.<\/p>\r\n<p>In einer Gesellschaft, in der man sich nur noch anst\u00e4ndige Witze erz\u00e4hlt, bleibt den Anst\u00e4ndigen wie den Gewitzten wenig zu sagen.<\/p>\r\n<p>Sie haben ihre Vorschriften. Der bedauernde Tonfall, mit dem der Satz f\u00fcr gew\u00f6hnlich vorgetragen wird, ist im besseren Falle H\u00f6flichkeit gegen\u00fcber den vorschriftsm\u00e4\u00dfig Traktierten, im schlimmeren aber Understatement von Besitzenden, n\u00e4mlich Teilhabern der Macht.<\/p>\r\n<p>Wie degoutant, sich am eigenen Schopfe aus dem Sumpf zu ziehen. Besser w\u00e4re es \u2013 sagen die Stilsicheren auf dem Festland \u2013, formvollendet zu ertrinken.<\/p>\r\n<p>Ein vortrefflicher Schutz vor Pferdef\u00fc\u00dfen: nicht auf dem Duzfu\u00df stehen.<\/p>\r\n<p>&nbsp;<\/p>\r\n<h4>Cornelius van Alsum<\/h4>\r\n<p>&nbsp;<\/p>\r\n<p>&nbsp;<\/p>\r\n<h4>&#8230; April 2022:<\/h4>\r\n<p>&nbsp;<\/p>\r\n<p><em>Freunde wiedersehen<\/em><br \/>Und sie gleich zum Flughafen bringen m\u00fcssen<br \/>Mondfinsternisse verpassend \u2013<br \/>Im Flur, als ich nachhause komme, steht die Ewigkeit<br \/>Im dicken Mantel<br \/>Schnippst Bierdeckel durch die Gegend<br \/>Anstatt sich bei mir f\u00fcr ihr langes Ausbleiben zu entschuldigen<\/p>\r\n<p>&nbsp;<\/p>\r\n<h4>Christine Kappe<\/h4>\r\n<p>&nbsp;<\/p>\r\n<div id=\"attachment_1578\" style=\"width: 410px\" class=\"wp-caption alignnone\"><a href=\"https:\/\/www.kalmenzone.de\/wordpress\/wp-content\/uploads\/2022\/03\/ChristineKappe_Kambrium-1.png\"><img loading=\"lazy\" decoding=\"async\" aria-describedby=\"caption-attachment-1578\" class=\"wp-image-1578\" src=\"https:\/\/www.kalmenzone.de\/wordpress\/wp-content\/uploads\/2022\/03\/ChristineKappe_Kambrium-1-212x300.png\" alt=\"\" width=\"400\" height=\"566\" srcset=\"https:\/\/www.kalmenzone.de\/wordpress\/wp-content\/uploads\/2022\/03\/ChristineKappe_Kambrium-1-212x300.png 212w, https:\/\/www.kalmenzone.de\/wordpress\/wp-content\/uploads\/2022\/03\/ChristineKappe_Kambrium-1-724x1024.png 724w, https:\/\/www.kalmenzone.de\/wordpress\/wp-content\/uploads\/2022\/03\/ChristineKappe_Kambrium-1-768x1086.png 768w, https:\/\/www.kalmenzone.de\/wordpress\/wp-content\/uploads\/2022\/03\/ChristineKappe_Kambrium-1-1086x1536.png 1086w, https:\/\/www.kalmenzone.de\/wordpress\/wp-content\/uploads\/2022\/03\/ChristineKappe_Kambrium-1-1448x2048.png 1448w\" sizes=\"auto, (max-width: 400px) 100vw, 400px\" \/><\/a><p id=\"caption-attachment-1578\" class=\"wp-caption-text\">Christine Kappe: Kambrium. Alle Rechte am Bild liegen bei der K\u00fcnstlerin.<\/p><\/div>\r\n<p>&nbsp;<\/p>\r\n<p>&nbsp;<\/p>\r\n<h4>&#8230; Mai 2022:<\/h4>\r\n<p>&nbsp;<\/p>\r\n<p><em>Entweder<\/em><\/p>\r\n<p>&nbsp;<\/p>\r\n<p>Oder eine \u00d6dnis<br \/>ein Kleid aus<br \/>nicht gelebter<br \/>Wonne du hast<br \/>begonnen zu sterben<br \/>als wir anderen nur<br \/>so etwas wie neu<br \/>gedachte Wolken<br \/>waren wir standen<br \/>nicht wie du auf<br \/>Stelen wir flogen<br \/>wir fliegen wir<br \/>leuchten im Blau<\/p>\r\n<p>&nbsp;<\/p>\r\n<h4>Alexandra Bernhardt<\/h4>\r\n<p>&nbsp;<\/p>\r\n<p>&nbsp;<\/p>\r\n<h4>&#8230; Juni 2022:<\/h4>\r\n<p>&nbsp;<\/p>\r\n<p>Ein junges, h\u00fcbsches M\u00e4dchen ist der nordische Sommer:<br \/>Helle N\u00e4chte, gn\u00e4diges Licht der Abendsonne<br \/>und\u00a0 Zeit der sch\u00f6nen K\u00f6rper an leise pl\u00e4tschernden Wassern,<br \/>die Sorglosigkeit einer Jugend, die nicht wei\u00df,<br \/>wie kurz sie ist.<\/p>\r\n<p>Eine alte, verbitterte Jungfer ist der nordische Winter:<br \/>Die fr\u00fchen Schatten zur Mittagsstunde,<br \/>das Zwielicht bei Kaffee und Kuchen<br \/>und die verzweifelte Eile unter vielen Schichten<br \/>z\u00fcchtiger Bekleidung,<br \/>die Fr\u00f6mmigkeit der Einsamen, die dumpf ahnen,<br \/>dass es f\u00fcr alles zu sp\u00e4t ist.<\/p>\r\n<p>&nbsp;<\/p>\r\n<h4>Simon Konttas<\/h4>\r\n<p>&nbsp;<\/p>\r\n<p>&nbsp;<\/p>\r\n<h4>&#8230; Juli 2022:<\/h4>\r\n<p>&nbsp;<\/p>\r\n<p><em>testament<\/em><\/p>\r\n<p>&nbsp;<\/p>\r\n<p>gestern schriebst du mir mein testament<br \/>in b\u00e4lde darf ich \u00fcber wassern schweben<br \/>und meinen blinden fleck den hasen geben<br \/>wer ist das der sich demn\u00e4chst nach mir nennt?<\/p>\r\n<p>mit hiob brauch ich endlich nicht mehr sprechen<br \/>ans anmichhalten ist nicht mehr zu denken<br \/>schwimmen kann ich zwischen wirtshausb\u00e4nken<br \/>und wenn ich lustig bin darf ich mit engeln zechen<\/p>\r\n<p>wir wollen fort wir gehen in ein andres land<br \/>denn gestern schriebst du mir mein testament<br \/>doch wehe wenn ich dir das deine schreibe<br \/>wo bist du dann? wer f\u00fchrt mir dann die hand?<\/p>\r\n<p>&nbsp;<\/p>\r\n<h4>Sabine G\u00f6ttel<\/h4>\r\n<p>&nbsp;<\/p>\r\n<p>&nbsp;<\/p>\r\n<h4>&#8230; August 2022:<\/h4>\r\n<p>&nbsp;<\/p>\r\n<div>\r\n<p>mach ich mich los und geh ich aus<br \/>solange das licht noch zu farben reicht<br \/>die herrliche stunde<br \/>unter den r\u00f6cken des abends:<br \/>zitronen rosen zarter rauch blau<br \/>ein k\u00fchles feld von mais<br \/>die k\u00fche erfreuen sich ihrer verdorrten weide<br \/>abends die k\u00fche wie schnee<\/p>\r\n<p>die st\u00f6rche sind noch unterwegs<br \/>die luft wird fledermausfarben<br \/>wie lange bis der fluss<br \/>verschwunden sein wird<\/p>\r\n<\/div>\r\n<p>&nbsp;<\/p>\r\n<h4>Caroline Hartge<\/h4>\r\n<p>&nbsp;<\/p>\r\n<p>&nbsp;<\/p>\r\n<h4>&#8230; September 2022:<\/h4>\r\n<p>&nbsp;<\/p>\r\n<div>\r\n<p>STEILK\u00dcSTE DES BASKENLANDES:<br \/>zwischen den Lagen diskret<br \/>die Nachschrift des Asteroiden<\/p>\r\n<p>w\u00e4hrend der rezente Mensch<br \/>letzte V\u00f6gel und den Haushund<br \/>mit Quadrokoptern drangsaliert<\/p>\r\n<p>Aus dem Anthropoz\u00e4n klebt noch<br \/>ein Sticker gegen Torfabbau<br \/><em>Was wu\u00dften sie von Flutbasalten<\/em><\/p>\r\n<\/div>\r\n<p>&nbsp;<\/p>\r\n<h4>Cornelius van Alsum<\/h4>\r\n<p>&nbsp;<\/p>\r\n<p>&nbsp;<\/p>\r\n<h4>&#8230; Oktober 2022:<\/h4>\r\n<p>&nbsp;<\/p>\r\n<div>\r\n<p><em>Meine Eltern sterben nicht erst heute<\/em>, sie starben damals schon. Sie konnten mir nicht helfen und ich nicht ihnen. Sie standen im Keller, als die Waschmaschine durchdrehte, und versuchten mir einzureden, es habe alles seine Ordnung und geh\u00f6re zum Programm. Ich aber glaubte ihnen nicht, und das schlimmste war, dass ich merkte, wie sie sich selbst nicht glaubten. Ich konnte ihre Worte durch den unvorstellbar lauten Weltuntergangston nicht h\u00f6ren, stattdessen las ich sie als Untertitel im Bild.<\/p>\r\n<p>&nbsp;<\/p>\r\n<\/div>\r\n<h4>Christine Kappe<\/h4>\r\n<p>&nbsp;<\/p>\r\n<p>&nbsp;<\/p>\r\n<h4>&#8230; November 2022:<\/h4>\r\n<p>&nbsp;<\/p>\r\n<div id=\"attachment_1649\" style=\"width: 310px\" class=\"wp-caption alignnone\"><a href=\"https:\/\/www.kalmenzone.de\/wordpress\/wp-content\/uploads\/2022\/11\/Alexandra_Bernhardt_Apteryx_sacerdotis_300.jpg\"><img loading=\"lazy\" decoding=\"async\" aria-describedby=\"caption-attachment-1649\" class=\"wp-image-1649 size-full\" src=\"https:\/\/www.kalmenzone.de\/wordpress\/wp-content\/uploads\/2022\/11\/Alexandra_Bernhardt_Apteryx_sacerdotis_300.jpg\" alt=\"\" width=\"300\" height=\"460\" srcset=\"https:\/\/www.kalmenzone.de\/wordpress\/wp-content\/uploads\/2022\/11\/Alexandra_Bernhardt_Apteryx_sacerdotis_300.jpg 300w, https:\/\/www.kalmenzone.de\/wordpress\/wp-content\/uploads\/2022\/11\/Alexandra_Bernhardt_Apteryx_sacerdotis_300-196x300.jpg 196w\" sizes=\"auto, (max-width: 300px) 100vw, 300px\" \/><\/a><p id=\"caption-attachment-1649\" class=\"wp-caption-text\">Alexandra Bernhardt: Apteryx sacerdotis. Graphitzeichnung.<\/p><\/div>\r\n<p>&nbsp;<\/p>\r\n<p>&nbsp;<\/p>\r\n<p>&nbsp;<\/p>\r\n<h4>&#8230; Dezember 2022:<\/h4>\r\n<p>&nbsp;<\/p>\r\n<div id=\"attachment_1665\" style=\"width: 460px\" class=\"wp-caption alignnone\"><a href=\"https:\/\/www.kalmenzone.de\/wordpress\/wp-content\/uploads\/2022\/12\/021-scaled.jpg\"><img loading=\"lazy\" decoding=\"async\" aria-describedby=\"caption-attachment-1665\" class=\"wp-image-1665\" src=\"https:\/\/www.kalmenzone.de\/wordpress\/wp-content\/uploads\/2022\/12\/021-768x1024.jpg\" alt=\"\" width=\"450\" height=\"600\" srcset=\"https:\/\/www.kalmenzone.de\/wordpress\/wp-content\/uploads\/2022\/12\/021-768x1024.jpg 768w, https:\/\/www.kalmenzone.de\/wordpress\/wp-content\/uploads\/2022\/12\/021-225x300.jpg 225w, https:\/\/www.kalmenzone.de\/wordpress\/wp-content\/uploads\/2022\/12\/021-1152x1536.jpg 1152w, https:\/\/www.kalmenzone.de\/wordpress\/wp-content\/uploads\/2022\/12\/021-1536x2048.jpg 1536w, https:\/\/www.kalmenzone.de\/wordpress\/wp-content\/uploads\/2022\/12\/021-scaled.jpg 1920w\" sizes=\"auto, (max-width: 450px) 100vw, 450px\" \/><\/a><p id=\"caption-attachment-1665\" class=\"wp-caption-text\">Foto: Simon Konttas.<\/p><\/div>\r\n<p>&nbsp;<\/p>\r\n<p><em>Die Treue<\/em><\/p>\r\n<p>&nbsp;<\/p>\r\n<p>Ich bin schon zu alt und es ist schon zu sp\u00e4t<br \/>mein Leben zu \u00e4ndern. Mir ist immer kalt.<br \/>Und ich hab keine Kinder. Es hat die Gewalt<br \/>vergangener Dinge den Kopf mir verdreht.<\/p>\r\n<p>Mein Gatte starb fr\u00fch, und seine Liebe besteht;<br \/>ich hab mich an sie so verzweifelt gekrallt.<br \/>H\u00e4tt ich nicht sollen? Nun, habe ich halt.<br \/>Ich habe seit damals die M\u00e4nner verschm\u00e4ht.<\/p>\r\n<p>Jetzt sitz ich allein hier nach ewiger Treue.<br \/>Kein Mensch, der sich meldet, kein Kind.<br \/>Alt bin ich und krank und will sterben.<\/p>\r\n<p>Ich habe geschuftet, doch nichts zu vererben.<br \/>Ja, wem auch? Die Liebe macht traurig und blind;<br \/>und ich f\u00fcrcht\u2019 mich davor, dass ich sie bereue.<\/p>\r\n<p>&nbsp;<\/p>\r\n<h4>Simon Konttas<\/h4>\r\n<p>&nbsp;<\/p>\r\n<p>&nbsp;<\/p>\r\n<h4>&#8230; Januar 2023:<\/h4>\r\n<p>&nbsp;<\/p>\r\n<p><em>Mein Stern<br \/><\/em><\/p>\r\n<p>&nbsp;<\/p>\r\n<p>da ist mein stern du gabst ihn mir damit<br \/>ich \u00f6fter an dich denk ich z\u00fcnd ihn an<br \/>und h\u00e4nge ihn in kahle \u00e4ste ich mach<br \/>ihn passend f\u00fcr mein kopfgelenk<\/p>\r\n<p>kommst du vorbei musst du ihn suchen<br \/>er ist so d\u00fcnn geworden wie ein nein<br \/>ich bin gespannt ob du ihn findst mein<br \/>spillrig widerspenstig hirngespinst<\/p>\r\n<p>da liegt mein stern im br\u00fcckenschatten<br \/>und kr\u00e4hen flattern aus dem buch die<br \/>k\u00e4lte kr\u00fcmmt ihn auf das tuch ein<br \/>tod den wir vorausgesehen hatten<\/p>\r\n<p>&nbsp;<\/p>\r\n<h4><strong>Sabine G\u00f6ttel<\/strong><\/h4>\r\n<p>&nbsp;<\/p>\r\n<p>&nbsp;<\/p>\r\n<h4>&#8230; Februar 2023:<\/h4>\r\n<p>&nbsp;<\/p>\r\n<p><em>Reif I<\/em><\/p>\r\n<p>was gelernt?<\/p>\r\n<p>warten.<\/p>\r\n<p>dann<br \/>aufh\u00f6ren zu warten<\/p>\r\n<p>&nbsp;<\/p>\r\n<h4><strong>Caroline Hartge<\/strong><\/h4>\r\n<p>&nbsp;<\/p>\r\n<p>&nbsp;<\/p>\r\n<h4>&#8230; M\u00e4rz 2023:<\/h4>\r\n<p>&nbsp;<\/p>\r\n<p><em>An den Prinzen von Thessalien<\/em><\/p>\r\n<p>&nbsp;<\/p>\r\n<p>Du kamst behext und ohne Illusionen,<br \/>ein Stoiker, entsetzt von den D\u00e4monen,<br \/>die sich als Fahrrad tarnen und Laterne.<\/p>\r\n<p>Und anfangs gingst du, selbst ein Geist, die Gassen,<br \/>so spurenlos erschienst du, nicht zu fassen,<br \/>da\u00df wir verzagten fast an deinem Kern.<\/p>\r\n<p>Aber durch deine Wimpern wie von Seide,<br \/>die man um treue Lieb\u2019 gebracht und Land,<br \/>erblicken wir nun Sanftmut, Gier und Leiden,<br \/>von N\u00e4herung und Weigerung gebannt.<\/p>\r\n<p>&nbsp;<\/p>\r\n<h4>Cornelius van Alsum<\/h4>\r\n<p>&nbsp;<\/p>\r\n<p>&nbsp;<\/p>\r\n<h4>&#8230; April 2023:<\/h4>\r\n<p>&nbsp;<\/p>\r\n<p>ich wei\u00df gar nicht mehr genau<br \/>wann wir hier eingezogen sind<br \/>es ist warm &amp; stickig<br \/>es geht ums \u00dcberleben<br \/>einzelne verschwinden<br \/>niemand schl\u00e4ft<\/p>\r\n<p>zwischen den Geb\u00e4uden w\u00e4chst Schilf<br \/>zur Deko<br \/>fast mit Z\u00e4rtlichkeit denke ich<br \/>an die l\u00e4ngst vergangenen Sorgen<br \/>die mich hier herbrachten<\/p>\r\n<p>&nbsp;<\/p>\r\n<h4>Christine Kappe<\/h4>\r\n<p>&nbsp;<\/p>\r\n<p>&nbsp;<\/p>\r\n<h4>&#8230; Mai 2023:<\/h4>\r\n<p>&nbsp;<\/p>\r\n<p><em>Thargelia<\/em><\/p>\r\n<p>&nbsp;<\/p>\r\n<p>Wahniglich<br \/>saugte sich<br \/>der April fest<br \/>an deinen Knochen<br \/>er fa\u00dfte sich ein Wetter<br \/>und dir ans Herz : jetzt<br \/>knospet sich auf alles<br \/>das was sich Fr\u00fchling<br \/>nannte : Maien ist\u2019s<br \/>dem Winter zum<br \/>Tode uns zum<br \/>Plaisir<\/p>\r\n<p>&nbsp;<\/p>\r\n<h4>Alexandra Bernhardt<\/h4>\r\n<p>&nbsp;<\/p>\r\n<p>&nbsp;<\/p>\r\n<h4>&#8230; Juni 2023:<\/h4>\r\n<p>&nbsp;<\/p>\r\n<p>&nbsp;<\/p>\r\n<div id=\"attachment_1701\" style=\"width: 410px\" class=\"wp-caption aligncenter\"><a href=\"https:\/\/www.kalmenzone.de\/wordpress\/wp-content\/uploads\/2023\/06\/IMG-20230528-WA0001.jpg\"><img loading=\"lazy\" decoding=\"async\" aria-describedby=\"caption-attachment-1701\" class=\"wp-image-1701\" src=\"https:\/\/www.kalmenzone.de\/wordpress\/wp-content\/uploads\/2023\/06\/IMG-20230528-WA0001-498x1024.jpg\" alt=\"\" width=\"400\" height=\"823\" srcset=\"https:\/\/www.kalmenzone.de\/wordpress\/wp-content\/uploads\/2023\/06\/IMG-20230528-WA0001-498x1024.jpg 498w, https:\/\/www.kalmenzone.de\/wordpress\/wp-content\/uploads\/2023\/06\/IMG-20230528-WA0001-146x300.jpg 146w, https:\/\/www.kalmenzone.de\/wordpress\/wp-content\/uploads\/2023\/06\/IMG-20230528-WA0001-768x1581.jpg 768w, https:\/\/www.kalmenzone.de\/wordpress\/wp-content\/uploads\/2023\/06\/IMG-20230528-WA0001-746x1536.jpg 746w, https:\/\/www.kalmenzone.de\/wordpress\/wp-content\/uploads\/2023\/06\/IMG-20230528-WA0001.jpg 995w\" sizes=\"auto, (max-width: 400px) 100vw, 400px\" \/><\/a><p id=\"caption-attachment-1701\" class=\"wp-caption-text\">Foto: Simon Konttas.<\/p><\/div>\r\n<div>\r\n<p>&nbsp;<\/p>\r\n<\/div>\r\n<p>&nbsp;<\/p>\r\n<h4>&#8230; Juli 2023:<\/h4>\r\n<p>&nbsp;<\/p>\r\n<p><em>im spiegel<\/em><\/p>\r\n<p>&nbsp;<\/p>\r\n<p>ich stehe nie auf festem grund was du auch<br \/>sagst es wird mir immer himmel sein dein nein<br \/>wird meine haut noch d\u00fcnner machen und<br \/>was ich je vers\u00e4umt hab wird von dir bewacht<\/p>\r\n<p>ich seh mich nur wenn du mein spiegel bist<br \/>im glas ist das was mein ist nur ein schemen<br \/>ich folge dir ich wage keinen falschen schritt<br \/>denn dein herz stolpert meines manchmal aus<\/p>\r\n<p>da ganz weit hinten wo die dinge kleiner<br \/>werden da hinter mir wo du kein auge hast<br \/>da hausen sie da lassen sie mich leben ein<br \/>paar zerquetschte seelen und ein mund der lacht<\/p>\r\n<p>&nbsp;<\/p>\r\n<h4>Sabine G\u00f6ttel<\/h4>\r\n<p>&nbsp;<\/p>\r\n<p>&nbsp;<\/p>\r\n<h4>&#8230; August 2023:<\/h4>\r\n<p>&nbsp;<\/p>\r\n<p><em>alter garten<\/em><\/p>\r\n<p>&nbsp;<\/p>\r\n<p>zwei legten ihn an hegten ihn an<br \/>die zwanzig jahre<\/p>\r\n<p>drei jahre liegt er ungepflegt<br \/>noch sind wege beete zu erkennen<\/p>\r\n<p>eine woche reicht nicht<br \/>ihn zu richten<\/p>\r\n<p>&nbsp;<\/p>\r\n<h4>Caroline Hartge<\/h4>\r\n<p>&nbsp;<\/p>\r\n<p>&nbsp;<\/p>\r\n<h4>&#8230; September 2023:<\/h4>\r\n<p>&nbsp;<\/p>\r\n<p><em>Uhrenservice<\/em><\/p>\r\n<p>&nbsp;<\/p>\r\n<p><em>Jetzt l\u00e4uft sie wieder<br \/><\/em>und hat noch auf<br \/>freundlich und immer<br \/>dies rein das raus<br \/>im Warenhaus<\/p>\r\n<p>Auch unerwidert<br \/>spricht sie wie heiter<br \/>tagein tagaus<br \/><em>Jetzt l\u00e4uft sie <\/em><\/p>\r\n<p>Mein Irrenhaus<br \/>so ungek\u00fcnstelt<br \/>und immer wieder<br \/><em>Jetzt l\u00e4uft sie <\/em><\/p>\r\n<p>&nbsp;<\/p>\r\n<h4>Cornelius van Alsum<\/h4>\r\n<p>&nbsp;<\/p>\r\n<p>&nbsp;<\/p>\r\n<h4>&#8230; Oktober 2023:<\/h4>\r\n<p>&nbsp;<\/p>\r\n<p>Christine Kappe spielt ihre Komposition <em>treasurehunter<\/em> (2023) auf der Gebr\u00fcder-Hillebrand-Orgel in der Dreifaltigkeitskirche Hannover (1986):<\/p>\r\n<audio class=\"wp-audio-shortcode\" id=\"audio-677-1\" preload=\"none\" style=\"width: 100%;\" controls=\"controls\"><source type=\"audio\/mpeg\" src=\"https:\/\/www.kalmenzone.de\/wordpress\/wp-content\/uploads\/2023\/09\/CKappe_fuerLogbuch_Okt23.mp3?_=1\" \/><a href=\"https:\/\/www.kalmenzone.de\/wordpress\/wp-content\/uploads\/2023\/09\/CKappe_fuerLogbuch_Okt23.mp3\">https:\/\/www.kalmenzone.de\/wordpress\/wp-content\/uploads\/2023\/09\/CKappe_fuerLogbuch_Okt23.mp3<\/a><\/audio>\r\n<p>Hier der <a href=\"https:\/\/www.kalmenzone.de\/wordpress\/download\/1748\/?tmstv=1703804741\">Notentext<\/a> ihrer Komposition (Lizenz: <a href=\"https:\/\/creativecommons.org\/licenses\/by-nc-nd\/4.0\/deed.en\">https:\/\/creativecommons.org\/licenses\/by-nc-nd\/4.0\/deed.en<\/a>).<\/p>\r\n<p>&nbsp;<\/p>\r\n<p>&nbsp;<\/p>\r\n<h4>&#8230; November 2023:<\/h4>\r\n<p>&nbsp;<\/p>\r\n<p><em>Wolf<\/em><\/p>\r\n<p>&nbsp;<\/p>\r\n<p>Ist<br \/>umschlichen<br \/>umsteht : umgeht<br \/>ist entwichen besser<br \/>nicht in Meuten zu<br \/>suchen : ist waldkarg<br \/>Wiederg\u00e4nger \u00e4ltesten<br \/>Adels : steht ehern<br \/>gegen er trifft<br \/>dich von<br \/>vorn<\/p>\r\n<p>&nbsp;<\/p>\r\n<h4>Alexandra Bernhardt<\/h4>\r\n<p>&nbsp;<\/p>\r\n<p>&nbsp;<\/p>\r\n<h4>&#8230; Dezember 2023:<\/h4>\r\n<p>&nbsp;<\/p>\r\n<div id=\"attachment_1734\" style=\"width: 460px\" class=\"wp-caption alignnone\"><a href=\"https:\/\/www.kalmenzone.de\/wordpress\/wp-content\/uploads\/2023\/11\/IMG_2523_SKonttasalsnaechstesvonihm-scaled.jpg\"><img loading=\"lazy\" decoding=\"async\" aria-describedby=\"caption-attachment-1734\" class=\"wp-image-1734\" src=\"https:\/\/www.kalmenzone.de\/wordpress\/wp-content\/uploads\/2023\/11\/IMG_2523_SKonttasalsnaechstesvonihm-768x1024.jpg\" alt=\"\" width=\"450\" height=\"600\" srcset=\"https:\/\/www.kalmenzone.de\/wordpress\/wp-content\/uploads\/2023\/11\/IMG_2523_SKonttasalsnaechstesvonihm-768x1024.jpg 768w, https:\/\/www.kalmenzone.de\/wordpress\/wp-content\/uploads\/2023\/11\/IMG_2523_SKonttasalsnaechstesvonihm-225x300.jpg 225w, https:\/\/www.kalmenzone.de\/wordpress\/wp-content\/uploads\/2023\/11\/IMG_2523_SKonttasalsnaechstesvonihm-1152x1536.jpg 1152w, https:\/\/www.kalmenzone.de\/wordpress\/wp-content\/uploads\/2023\/11\/IMG_2523_SKonttasalsnaechstesvonihm-1536x2048.jpg 1536w, https:\/\/www.kalmenzone.de\/wordpress\/wp-content\/uploads\/2023\/11\/IMG_2523_SKonttasalsnaechstesvonihm-scaled.jpg 1920w\" sizes=\"auto, (max-width: 450px) 100vw, 450px\" \/><\/a><p id=\"caption-attachment-1734\" class=\"wp-caption-text\">Foto: Simon Konttas (2021).<\/p><\/div>\r\n<p>&nbsp;<\/p>\r\n<p>&nbsp;<\/p>\r\n<h4>&#8230; Januar 2024:<\/h4>\r\n<p>&nbsp;<\/p>\r\n<p><em>meine toten<\/em><\/p>\r\n<p style=\"padding-left: 120px;\">f\u00fcr Paula Rego<\/p>\r\n<p>&nbsp;<\/p>\r\n<p>mein erster toter trug ein wiesenkleid<br \/>er wuchs noch als ich l\u00e4ngst verstummte<\/p>\r\n<p>mein zweiter trieb ins unvers\u00f6hnte grau<br \/>ich fand ihn lange noch im ackerschlamm<\/p>\r\n<p>mein dritter toter war ein vogel strau\u00df<br \/>er tanzte wild auf meinen dunklen feldern<\/p>\r\n<p>mein vierter grub sich einen tiefen bau<br \/>sank und erschien mit schwert und schwamm<\/p>\r\n<p>und meine f\u00fcnfte tote lebt bleibt ewig fern<br \/>zu ihr f\u00fchrt nicht einmal ein br\u00fcckenstern<\/p>\r\n<p>&nbsp;<\/p>\r\n<h4>Sabine G\u00f6ttel<\/h4>\r\n<p>&nbsp;<\/p>\r\n<p>&nbsp;<\/p>\r\n<h4>&#8230; Februar 2024:<\/h4>\r\n<p>&nbsp;<\/p>\r\n<p>die verm\u00f6gensberatung ein schild \/ aus g\u00fcldnem blech \/<br \/>draufgeschwatzt und draufgeschraubt \/ f\u00e4llt ab \/ und<br \/>hinterl\u00e4sst nur schuld<\/p>\r\n<p>&nbsp;<\/p>\r\n<h4>Caroline Hartge<\/h4>\r\n<p>&nbsp;<\/p>\r\n<p>&nbsp;<\/p>\r\n<h4>&#8230; M\u00e4rz 2024:<\/h4>\r\n<p>&nbsp;<\/p>\r\n<p><em>Aphorismen, Notate<\/em><\/p>\r\n<p>&nbsp;<\/p>\r\n<p>Ein Esel, wer der M\u00f6hre vor der Nase hinterherl\u00e4uft; ein gr\u00f6\u00dferer Esel, wer meint, sie vorenthalten zu k\u00f6nnen; der allergr\u00f6\u00dfte aber ist, wer ungeachtet der Vorenthaltung weiter trottet und tr\u00e4gt.<\/p>\r\n<p>Die sich \u00fcber ihre Ahnen mokieren, sie h\u00e4tten noch auf den B\u00e4umen gelebt, sitzen wohl selbst auf absteigenden \u00c4sten.<\/p>\r\n<p>Als Kind war er unausstehlich; so sehr, da\u00df eine \u00e4ltere Cousine ihn einmal kopf\u00fcber in die leere Aschentonne gehalten hat. Erwachsen geworden, macht ihm der Zwischenfall immer noch zu schaffen. Es gebe keine andere Erkl\u00e4rung f\u00fcr seine Kopfschmerzen. So hat er es der Verwandtschaft auch in einem Erbschaftsstreit ausrichten lassen.<\/p>\r\n<p>Kein Einflu\u00df von Vordenkern ohne die Nachdenklichkeit von M\u00e4chtigen.<\/p>\r\n<p>&nbsp;<\/p>\r\n<h4>Cornelius van Alsum<\/h4>\r\n<p>&nbsp;<\/p>\r\n<p>&nbsp;<\/p>\r\n<h4>&#8230; April 2024:<\/h4>\r\n<p>&nbsp;<\/p>\r\n<p>Christine Kappe spielt ihre Komposition <em>hauchd\u00fcnner choral<\/em> (2024):<\/p>\r\n<audio class=\"wp-audio-shortcode\" id=\"audio-677-2\" preload=\"none\" style=\"width: 100%;\" controls=\"controls\"><source type=\"audio\/mpeg\" src=\"https:\/\/www.kalmenzone.de\/wordpress\/wp-content\/uploads\/2024\/04\/hauchduenner-choral.mp3?_=2\" \/><a href=\"https:\/\/www.kalmenzone.de\/wordpress\/wp-content\/uploads\/2024\/04\/hauchduenner-choral.mp3\">https:\/\/www.kalmenzone.de\/wordpress\/wp-content\/uploads\/2024\/04\/hauchduenner-choral.mp3<\/a><\/audio>\r\n<p>Hier geht es zum <a href=\"https:\/\/www.kalmenzone.de\/wordpress\/download\/1841\/?tmstv=1717278216\">Notentext<\/a> (Lizenz: <a href=\"https:\/\/creativecommons.org\/licenses\/by-nc-nd\/4.0\/deed.en\">https:\/\/creativecommons.org\/licenses\/by-nc-nd\/4.0\/deed.en<\/a>).<\/p>\r\n<p>&nbsp;<\/p>\r\n<p>&nbsp;<\/p>\r\n<h4>&#8230; Mai 2024:<\/h4>\r\n<p>&nbsp;<\/p>\r\n<p><em>Piazza di Santa Maria in Trastevere<\/em><\/p>\r\n<p>&nbsp;<\/p>\r\n<p>Tempel : heilige Hallen : Mosaik<br \/>Aus H\u00e4ndlern Wirten G\u00e4sten Stein<br \/>Fisch und Schmerz blendender Wein<br \/>Voller Licht im Abend eines tiberischen<br \/>Jenseits : ausgebreitet zu F\u00fc\u00dfen<br \/>Des gr\u00fcnsten aller H\u00fcgel : antica<br \/>Wie die ewig gr\u00fcndende Stadt<\/p>\r\n<p>&nbsp;<\/p>\r\n<h4>Alexandra Bernhardt<\/h4>\r\n<p>&nbsp;<\/p>\r\n<p>&nbsp;<\/p>\r\n<h4>&#8230; Juni 2024:<\/h4>\r\n<p>&nbsp;<\/p>\r\n<div id=\"attachment_1832\" style=\"width: 490px\" class=\"wp-caption aligncenter\"><a href=\"https:\/\/www.kalmenzone.de\/wordpress\/wp-content\/uploads\/2024\/06\/20240221_225025-scaled.jpg\"><img loading=\"lazy\" decoding=\"async\" aria-describedby=\"caption-attachment-1832\" class=\"wp-image-1832\" src=\"https:\/\/www.kalmenzone.de\/wordpress\/wp-content\/uploads\/2024\/06\/20240221_225025-768x1024.jpg\" alt=\"\" width=\"480\" height=\"640\" srcset=\"https:\/\/www.kalmenzone.de\/wordpress\/wp-content\/uploads\/2024\/06\/20240221_225025-768x1024.jpg 768w, https:\/\/www.kalmenzone.de\/wordpress\/wp-content\/uploads\/2024\/06\/20240221_225025-225x300.jpg 225w, https:\/\/www.kalmenzone.de\/wordpress\/wp-content\/uploads\/2024\/06\/20240221_225025-1152x1536.jpg 1152w, https:\/\/www.kalmenzone.de\/wordpress\/wp-content\/uploads\/2024\/06\/20240221_225025-1536x2048.jpg 1536w, https:\/\/www.kalmenzone.de\/wordpress\/wp-content\/uploads\/2024\/06\/20240221_225025-scaled.jpg 1920w\" sizes=\"auto, (max-width: 480px) 100vw, 480px\" \/><\/a><p id=\"caption-attachment-1832\" class=\"wp-caption-text\">Foto: Simon Konttas (2024).<\/p><\/div>\r\n<p>&nbsp;<\/p>\r\n<p>&nbsp;<\/p>\r\n<h4>&#8230; Juli 2024:<\/h4>\r\n<p>&nbsp;<\/p>\r\n<p><em>requiem f\u00fcr eine nur am rand gem\u00e4hte wiese<\/em><\/p>\r\n<p>&nbsp;<\/p>\r\n<p>hier ist alles gr\u00fcn. und wasser hats genug. wir<br \/>m\u00fcssen nicht von unsern meeren zehren. das<br \/>wird ein sommer ohne durst. mit einem schmerz<br \/>dem wir vertraun. mit dem wir alte zeiten ehren.<\/p>\r\n<p>morgens stehn wir vor den bergen auf und grasen<br \/>mutig zwischen den elektroz\u00e4unen. und in der<br \/>nacht h\u00f6r ich dich leise wiehern auf diesen<br \/>wiesen \u00fcber denen unbeirrt die wolken rasen.<\/p>\r\n<p>in die jahrzehnte spinnst du trotzig blind ein band.<br \/>und denkst uns auch in ferner zeit noch schwesterlich.<br \/>wir sind nicht unverwundbar. darin irrst du dich.<br \/>deine verbrannte nase r\u00fchrt mich nur am rand.<\/p>\r\n<p>&nbsp;<\/p>\r\n<h4>Sabine G\u00f6ttel<\/h4>\r\n<p>&nbsp;<\/p>\r\n<p>&nbsp;<\/p>\r\n<h4>&#8230; August 2024:<\/h4>\r\n<p>&nbsp;<\/p>\r\n<p>und ist es nicht gut<br \/>und bin ich nicht<br \/>einfach<br \/>erheben die bl\u00e4ser ihre h\u00f6rner<br \/>erstrahlt der ganze saal vor gold<br \/>dann unsere stimmen<br \/>es ist der lichte tag<br \/>und wir wirken<br \/>ohne zu reden<br \/>und dein tod ist nicht<br \/>das letzte wort<\/p>\r\n<p>&nbsp;<\/p>\r\n<h4>Caroline Hartge<\/h4>\r\n<p>&nbsp;<\/p>\r\n<p>&nbsp;<\/p>\r\n<h4>&#8230; September 2024:<\/h4>\r\n<p>&nbsp;<\/p>\r\n<p><em>Rekonstruktion<\/em><\/p>\r\n<p>&nbsp;<\/p>\r\n<p>im zwanzigsten Jahre<br \/>zum edlen Erdulder<br \/>gefiederte Worte<br \/>uns auseinandergelebt<\/p>\r\n<p>&nbsp;<\/p>\r\n<h4>Cornelius van Alsum<\/h4>\r\n<p>&nbsp;<\/p>\r\n<p>&nbsp;<\/p>\r\n<h4>&#8230; Oktober 2024:<\/h4>\r\n<p>&nbsp;<\/p>\r\n<p>Christine Kappe spielt ihre Komposition <em>Frage im Herbst<\/em> (2024).<\/p>\r\n<audio class=\"wp-audio-shortcode\" id=\"audio-677-3\" preload=\"none\" style=\"width: 100%;\" controls=\"controls\"><source type=\"audio\/mpeg\" src=\"https:\/\/www.kalmenzone.de\/wordpress\/wp-content\/uploads\/2024\/10\/Frage-im-Herbst.m4a?_=3\" \/><a href=\"https:\/\/www.kalmenzone.de\/wordpress\/wp-content\/uploads\/2024\/10\/Frage-im-Herbst.m4a\">https:\/\/www.kalmenzone.de\/wordpress\/wp-content\/uploads\/2024\/10\/Frage-im-Herbst.m4a<\/a><\/audio>\r\n<p>Hier geht es zum <a href=\"https:\/\/www.kalmenzone.de\/wordpress\/wp-content\/uploads\/2025\/10\/Frage-im-Herbst.pdf\">Notentext<\/a> (Lizenz: <a href=\"https:\/\/creativecommons.org\/licenses\/by-nc-nd\/4.0\/deed.en\">https:\/\/creativecommons.org\/licenses\/by-nc-nd\/4.0\/deed.en<\/a>).<\/p>\r\n<p>&nbsp;<\/p>\r\n<p>&nbsp;<\/p>\r\n<h4>&#8230; November 2024:<\/h4>\r\n<p>&nbsp;<\/p>\r\n<p><em>Wiederkehr<\/em><\/p>\r\n<p>&nbsp;<\/p>\r\n<p>Nichts weniger<br \/>als Herbst wohnt<br \/>ewiglich mir<br \/>in der Tiefe<br \/>der Hoheit<br \/>langgezogener<br \/>Tage die kommen<br \/>herauf aus der<br \/>F\u00fclle des Seins<br \/>ein zuletzt immer<br \/>wiederkehrender<br \/>Fr\u00fchling<\/p>\r\n<p>&nbsp;<\/p>\r\n<h4>Alexandra Bernhardt<\/h4>\r\n<p>&nbsp;<\/p>\r\n<p>&nbsp;<\/p>\r\n<h4>&#8230; Dezember 2024:<\/h4>\r\n<p>&nbsp;<\/p>\r\n<p>&nbsp;<\/p>\r\n<div id=\"attachment_1893\" style=\"width: 560px\" class=\"wp-caption alignnone\"><a href=\"https:\/\/www.kalmenzone.de\/wordpress\/wp-content\/uploads\/2024\/12\/IMG_1952_fuerDez24-scaled.jpg\"><img loading=\"lazy\" decoding=\"async\" aria-describedby=\"caption-attachment-1893\" class=\"wp-image-1893\" src=\"https:\/\/www.kalmenzone.de\/wordpress\/wp-content\/uploads\/2024\/12\/IMG_1952_fuerDez24-768x1024.jpg\" alt=\"\" width=\"550\" height=\"733\" srcset=\"https:\/\/www.kalmenzone.de\/wordpress\/wp-content\/uploads\/2024\/12\/IMG_1952_fuerDez24-768x1024.jpg 768w, https:\/\/www.kalmenzone.de\/wordpress\/wp-content\/uploads\/2024\/12\/IMG_1952_fuerDez24-225x300.jpg 225w, https:\/\/www.kalmenzone.de\/wordpress\/wp-content\/uploads\/2024\/12\/IMG_1952_fuerDez24-1152x1536.jpg 1152w, https:\/\/www.kalmenzone.de\/wordpress\/wp-content\/uploads\/2024\/12\/IMG_1952_fuerDez24-1536x2048.jpg 1536w, https:\/\/www.kalmenzone.de\/wordpress\/wp-content\/uploads\/2024\/12\/IMG_1952_fuerDez24-scaled.jpg 1920w\" sizes=\"auto, (max-width: 550px) 100vw, 550px\" \/><\/a><p id=\"caption-attachment-1893\" class=\"wp-caption-text\">Foto: Simon Konttas (2019).<\/p><\/div>\r\n<p>&nbsp;<\/p>\r\n<p>&nbsp;<\/p>\r\n<p>&nbsp;<\/p>\r\n<h4>&#8230; Januar 2025:<\/h4>\r\n<p>&nbsp;<\/p>\r\n<p>&nbsp;<\/p>\r\n<div id=\"attachment_1905\" style=\"width: 560px\" class=\"wp-caption alignnone\"><a href=\"https:\/\/www.kalmenzone.de\/wordpress\/wp-content\/uploads\/2025\/01\/Goettel_Johanniterkirche-Feldkirch-scaled.jpg\"><img loading=\"lazy\" decoding=\"async\" aria-describedby=\"caption-attachment-1905\" class=\"wp-image-1905\" src=\"https:\/\/www.kalmenzone.de\/wordpress\/wp-content\/uploads\/2025\/01\/Goettel_Johanniterkirche-Feldkirch-225x300.jpg\" alt=\"\" width=\"550\" height=\"733\" srcset=\"https:\/\/www.kalmenzone.de\/wordpress\/wp-content\/uploads\/2025\/01\/Goettel_Johanniterkirche-Feldkirch-225x300.jpg 225w, https:\/\/www.kalmenzone.de\/wordpress\/wp-content\/uploads\/2025\/01\/Goettel_Johanniterkirche-Feldkirch-768x1024.jpg 768w, https:\/\/www.kalmenzone.de\/wordpress\/wp-content\/uploads\/2025\/01\/Goettel_Johanniterkirche-Feldkirch-1152x1536.jpg 1152w, https:\/\/www.kalmenzone.de\/wordpress\/wp-content\/uploads\/2025\/01\/Goettel_Johanniterkirche-Feldkirch-1536x2048.jpg 1536w, https:\/\/www.kalmenzone.de\/wordpress\/wp-content\/uploads\/2025\/01\/Goettel_Johanniterkirche-Feldkirch-scaled.jpg 1920w\" sizes=\"auto, (max-width: 550px) 100vw, 550px\" \/><\/a><p id=\"caption-attachment-1905\" class=\"wp-caption-text\">Johanniterkirche Feldkirch. Foto: Sabine G\u00f6ttel (2024).<\/p><\/div>\r\n<p>&nbsp;<\/p>\r\n<p>&nbsp;<\/p>\r\n<p>&nbsp;<\/p>\r\n<p><em>feder, wind und teer<\/em><\/p>\r\n<p>&nbsp;<\/p>\r\n<p>trudelleicht und taumelh\u00f6rig<br \/>\u00fcber nem acker der nach s\u00fcden geht<br \/>den ich viel besser als mich selber kenn<br \/>fliegt eine feder die ich trauer nenn<\/p>\r\n<p>wer hat mir diese haut gemacht ganz<br \/>zart gemustert und entschieden d\u00fcnn<br \/>gerippt so eigensinnig wie von tieren<br \/>ich k\u00f6nnt mich glatt im wind verlieren<\/p>\r\n<p>w\u00e4r nicht mein alt gesplei\u00dftes kleid<br \/>dem ich seit jahr und tagen gleiche<br \/>ich w\u00fcnschte mir nen grind aus teer<br \/>denn innen bin ich tonnenschwer<\/p>\r\n<p>ich frag mich wie die zukunft ist: ist schmerz<br \/>so lang gefiedert bis er sich vergisst?<\/p>\r\n<p>&nbsp;<\/p>\r\n<h4>Sabine G\u00f6ttel<\/h4>\r\n<p>&nbsp;<\/p>\r\n<p>&nbsp;<\/p>\r\n<h4>&#8230; Februar 2025:<\/h4>\r\n<p>&nbsp;<\/p>\r\n<p>ein streichen wei\u00df<br \/>mit schwarzen fransen<br \/>ein zweiter strich<br \/>der andere storch<br \/>ein drittes streichen hinterher<br \/>der schemen der sich sehnt<br \/>oder einbildung<\/p>\r\n<p>&nbsp;<\/p>\r\n<h4>Caroline Hartge<\/h4>\r\n<p>&nbsp;<\/p>\r\n<p>&nbsp;<\/p>\r\n<h4>&#8230; M\u00e4rz 2025:<\/h4>\r\n<p>&nbsp;<\/p>\r\n<p>Ihr, die ihr st\u00fcrzt den G\u00f6tterbaum<br \/>und eindringt in der Reinen Traum,<br \/>die Gruft von K\u00f6nigen versiegelt:<br \/>Nichts Gr\u00f6\u00dferes auf Erden lebt<br \/>als ihr, die ihr an Fremdem klebt<br \/>und noch den \u00e4rmsten Spalt entriegelt.<\/p>\r\n<p>&nbsp;<\/p>\r\n<h4>Cornelius van Alsum<\/h4>\r\n<p>&nbsp;<\/p>\r\n<p>&nbsp;<\/p>\r\n<h4>&#8230; April 2025:<\/h4>\r\n<p>&nbsp;<\/p>\r\n<div id=\"attachment_1927\" style=\"width: 510px\" class=\"wp-caption alignnone\"><a href=\"https:\/\/www.kalmenzone.de\/wordpress\/wp-content\/uploads\/2025\/03\/Die-Kaufdown-Basen-Wochen.png\"><img loading=\"lazy\" decoding=\"async\" aria-describedby=\"caption-attachment-1927\" class=\"wp-image-1927\" src=\"https:\/\/www.kalmenzone.de\/wordpress\/wp-content\/uploads\/2025\/03\/Die-Kaufdown-Basen-Wochen-744x1024.png\" alt=\"\" width=\"500\" height=\"688\" srcset=\"https:\/\/www.kalmenzone.de\/wordpress\/wp-content\/uploads\/2025\/03\/Die-Kaufdown-Basen-Wochen-744x1024.png 744w, https:\/\/www.kalmenzone.de\/wordpress\/wp-content\/uploads\/2025\/03\/Die-Kaufdown-Basen-Wochen-218x300.png 218w, https:\/\/www.kalmenzone.de\/wordpress\/wp-content\/uploads\/2025\/03\/Die-Kaufdown-Basen-Wochen-768x1057.png 768w, https:\/\/www.kalmenzone.de\/wordpress\/wp-content\/uploads\/2025\/03\/Die-Kaufdown-Basen-Wochen-1116x1536.png 1116w, https:\/\/www.kalmenzone.de\/wordpress\/wp-content\/uploads\/2025\/03\/Die-Kaufdown-Basen-Wochen-1488x2048.png 1488w\" sizes=\"auto, (max-width: 500px) 100vw, 500px\" \/><\/a><p id=\"caption-attachment-1927\" class=\"wp-caption-text\">Christine Kappe: Die Kaufdown-Basen-Wochen (2025).<\/p><\/div>\r\n<p>&nbsp;<\/p>\r\n<h4>\u00a0<\/h4>\r\n<p>Christine Kappe spielt ihre Komposition <em>Musiktagebuch 1<\/em>:<\/p>\r\n<h4><a href=\"https:\/\/www.kalmenzone.de\/wordpress\/wp-content\/uploads\/2025\/03\/Musiktagebuch-1_neu.mpeg\">Musiktagebuch 1<\/a><\/h4>\r\n<p>&nbsp;<\/p>\r\n<p>&nbsp;<\/p>\r\n<h4>&#8230; Mai 2025:<\/h4>\r\n<p>&nbsp;<\/p>\r\n<p><em>Nascita di Maggio<\/em><\/p>\r\n<p>&nbsp;<\/p>\r\n<p>Salbend t\u00f6nt die Luft<br \/>Sie ist lauter Erz<\/p>\r\n<p>Entbindet uns<br \/>Von irdner Schwere<\/p>\r\n<p>Eine gn\u00e4dige Sonne<br \/>Schirmt ihren Klang<\/p>\r\n<p>&nbsp;<\/p>\r\n<h4>Alexandra Bernhardt<\/h4>\r\n<p>&nbsp;<\/p>\r\n<p>&nbsp;<\/p>\r\n<h4>&#8230; Juni 2025:<\/h4>\r\n<p>&nbsp;<\/p>\r\n<div id=\"attachment_1941\" style=\"width: 560px\" class=\"wp-caption alignnone\"><a href=\"https:\/\/www.kalmenzone.de\/wordpress\/wp-content\/uploads\/2025\/05\/20240805_214117-scaled.jpg\"><img loading=\"lazy\" decoding=\"async\" aria-describedby=\"caption-attachment-1941\" class=\"wp-image-1941\" src=\"https:\/\/www.kalmenzone.de\/wordpress\/wp-content\/uploads\/2025\/05\/20240805_214117-768x1024.jpg\" alt=\"\" width=\"550\" height=\"733\" srcset=\"https:\/\/www.kalmenzone.de\/wordpress\/wp-content\/uploads\/2025\/05\/20240805_214117-768x1024.jpg 768w, https:\/\/www.kalmenzone.de\/wordpress\/wp-content\/uploads\/2025\/05\/20240805_214117-225x300.jpg 225w, https:\/\/www.kalmenzone.de\/wordpress\/wp-content\/uploads\/2025\/05\/20240805_214117-1152x1536.jpg 1152w, https:\/\/www.kalmenzone.de\/wordpress\/wp-content\/uploads\/2025\/05\/20240805_214117-1536x2048.jpg 1536w, https:\/\/www.kalmenzone.de\/wordpress\/wp-content\/uploads\/2025\/05\/20240805_214117-scaled.jpg 1920w\" sizes=\"auto, (max-width: 550px) 100vw, 550px\" \/><\/a><p id=\"caption-attachment-1941\" class=\"wp-caption-text\">Simon Konttas: Mitternachtssonne in Isokyr\u00f6, Finnland (2024).<\/p><\/div>\r\n<p>&nbsp;<\/p>\r\n<p>&nbsp;<\/p>\r\n<h4>&#8230; Juli 2025:<\/h4>\r\n<p>&nbsp;<\/p>\r\n<p><em>sarreguemines<\/em><\/p>\r\n<p>&nbsp;<\/p>\r\n<p>die stadt ist in den sommerschlaf gefallen.<br \/>die knochenm\u00fchle steht jetzt still. vor uns<br \/>ist nichts und nichts was nach uns k\u00e4me.<br \/>du gehst mit mir ans dunkle wasser wenn<\/p>\r\n<p>ich will. geschichte liegt in scherben. daraus<br \/>erw\u00e4chst das paradies. in labyrinthen leben!<br \/>steine drehn! und friedlich hausen in ruinen.<br \/>tief unter uns knirscht es vertraut im kies.<\/p>\r\n<p>ich bin kein stammgast mehr an diesem rand.<br \/>ich komm nur manchmal wenn die reiher<br \/>fliegen. ich k\u00f6nnt ja bleiben. und erbl\u00fchen.<br \/>und ganz verloren gehn in einer gr\u00fcnen wand.<\/p>\r\n<p>ich nehm dich lieber noch als du mich an der hand.<br \/>das nahe ufer dort mit all dem rost ist unser land.<\/p>\r\n<p>&nbsp;<\/p>\r\n<p><em>Sarreguemines (dt. Saargem\u00fcnd) ist eine franz\u00f6sische Grenzstadt an Saar und Blies nahe Saarbr\u00fccken. <\/em><em>Wechselvolle nationale Zugeh\u00f6rigkeit. Fr\u00fcher regionales Zentrum der Keramikindustrie. Ihr Wappentier ist der Reiher (frz. h\u00e9ron).<\/em><\/p>\r\n<p>&nbsp;<\/p>\r\n<h4>Sabine G\u00f6ttel<\/h4>\r\n<p>&nbsp;<\/p>\r\n<p>&nbsp;<\/p>\r\n<h4>&#8230; August 2025:\u00a0<\/h4>\r\n<p>&nbsp;<\/p>\r\n<p><em>Vier Epigramme<\/em><\/p>\r\n<p>&nbsp;<\/p>\r\n<p>Was ruft der Einsame nach Gott gegen ihr Schweigen?<br \/>Kann jemals sein Gebet zum gr\u00f6\u00dften Schweiger steigen?<\/p>\r\n<p>&nbsp;<\/p>\r\n<p><em>Einem Freund <\/em><\/p>\r\n<p>Wenn dereinst der Schleier von unseren Augen hinabf\u00e4llt,<br \/>Laufe weicheren Blicks wedelnd im Lichte mit uns!<\/p>\r\n<p>&nbsp;<\/p>\r\n<p><em>Regenradar <\/em><\/p>\r\n<p>Wir berennen die Feste, die kobaltblaue, mit W\u00fcnschen.<br \/>Nicht einmal unsre App zwinget ein Tr\u00f6pflein aus ihr.<\/p>\r\n<p>&nbsp;<\/p>\r\n<p>Ich bin ein Ort, der wegsank und sich b\u00e4umt.<br \/>Ich bin ein Port, in dem das Unheil sch\u00e4umt.<\/p>\r\n<h4>\u00a0<\/h4>\r\n<h4>Cornelius van Alsum<\/h4>\r\n<p>&nbsp;<\/p>\r\n<p>&nbsp;<\/p>\r\n<h4>&#8230; September 2025:<\/h4>\r\n<p>&nbsp;<\/p>\r\n<p><em>Staunen Sie mit uns in cremewei\u00dfen Ballen<\/em><\/p>\r\n<p>Ein Hauch von L\u00f6sung<br \/>F\u00fcr leitende Not\u00e4rztinnen<br \/>Schwere Dinge zuerst<br \/>Ihre Nadeln schmecken aromatisch-zitronig<\/p>\r\n<p>Ein Haus aus M\u00fccken<br \/>Gleicherma\u00dfen sanft wie die alte Br\u00fccke \u00fcber den Fluss<br \/>Das Schwerkraftentlastungssystem soll sp\u00e4ter einen unregelm\u00e4\u00dfigen Takt vorgeben<br \/>Oder kompakte, isolierte Nebel<\/p>\r\n<p>Ich habe eine Zukunftsf\u00e4higkeit bis in die Spitzen<br \/>Nach einigen Klaviert\u00f6nen<br \/>Mit salzverklebten Fingern<\/p>\r\n<p>&nbsp;<\/p>\r\n<p><strong>Christine Kappe<\/strong><\/p>\r\n<p>&nbsp;<\/p>\r\n<p>&nbsp;<\/p>\r\n<h4>&#8230; Oktober 2025:<\/h4>\r\n<p>&nbsp;<\/p>\r\n<p><em>Burgfrieden<\/em><\/p>\r\n<p>&nbsp;<\/p>\r\n<p>Aufgebrochen<br \/>aus T\u00e4lern lang vor<br \/>den Kriegen den Fehden<br \/>den Schlachten und endlos<br \/>ersehnten Waffenruhen<\/p>\r\n<p>Dieselben Waffen gestreckt<br \/>des Harnischs entledigt<br \/>nackend im Wald die<br \/>H\u00e4nde blo\u00df und die<br \/>F\u00fc\u00dfe tief im Moos<\/p>\r\n<p>&nbsp;<\/p>\r\n<p><strong>Alexandra Bernhardt<\/strong><\/p>\r\n<p>&nbsp;<\/p>\r\n<p>&nbsp;<\/p>\r\n<h4>&#8230; November 2025:<\/h4>\r\n<p>&nbsp;<\/p>\r\n<p><em>Tragik<\/em><\/p>\r\n<p>Ihr wollt euch nur lieben<br \/>und k\u00f6nnt es nicht zeigen.<br \/>Vom Schweigen getrieben,<br \/>musstet ihr schweigen.<br \/>Ihr wolltet euch heben,<br \/>ihr wolltet euch st\u00fctzen<br \/>und trauert ums Leben:<br \/>was kann es euch n\u00fctzen?<br \/>Ihr f\u00fchlt euch verlassen,<br \/>ins Leere versenkt;<br \/>und k\u00f6nnt euch nicht hassen,<br \/>vor Liebe gekr\u00e4nkt.<br \/>Der Tod wird euch scheiden.<br \/>Nichts bleibt dem, der lebt.<br \/>Nichts, au\u00dfer das Leiden,<br \/>das\u00a0<em>dann<\/em>\u00a0ihn erhebt.<\/p>\r\n<p>&nbsp;<\/p>\r\n<p><strong>Simon Konttas<\/strong><\/p>\r\n<p>&nbsp;<\/p>\r\n<p>&nbsp;<\/p>\r\n<h4>&#8230; Dezember 2025:<\/h4>\r\n<p>&nbsp;<\/p>\r\n<div id=\"attachment_2006\" style=\"width: 2570px\" class=\"wp-caption alignnone\"><a href=\"https:\/\/www.kalmenzone.de\/wordpress\/wp-content\/uploads\/2025\/11\/Babelsberg-2016-scaled.jpg\"><img loading=\"lazy\" decoding=\"async\" aria-describedby=\"caption-attachment-2006\" class=\"wp-image-2006 size-full\" src=\"https:\/\/www.kalmenzone.de\/wordpress\/wp-content\/uploads\/2025\/11\/Babelsberg-2016-scaled.jpg\" alt=\"\" width=\"2560\" height=\"1440\" srcset=\"https:\/\/www.kalmenzone.de\/wordpress\/wp-content\/uploads\/2025\/11\/Babelsberg-2016-scaled.jpg 2560w, https:\/\/www.kalmenzone.de\/wordpress\/wp-content\/uploads\/2025\/11\/Babelsberg-2016-300x169.jpg 300w, https:\/\/www.kalmenzone.de\/wordpress\/wp-content\/uploads\/2025\/11\/Babelsberg-2016-1024x576.jpg 1024w, https:\/\/www.kalmenzone.de\/wordpress\/wp-content\/uploads\/2025\/11\/Babelsberg-2016-768x432.jpg 768w, https:\/\/www.kalmenzone.de\/wordpress\/wp-content\/uploads\/2025\/11\/Babelsberg-2016-1536x864.jpg 1536w, https:\/\/www.kalmenzone.de\/wordpress\/wp-content\/uploads\/2025\/11\/Babelsberg-2016-2048x1152.jpg 2048w, https:\/\/www.kalmenzone.de\/wordpress\/wp-content\/uploads\/2025\/11\/Babelsberg-2016-624x351.jpg 624w\" sizes=\"auto, (max-width: 2560px) 100vw, 2560px\" \/><\/a><p id=\"caption-attachment-2006\" class=\"wp-caption-text\">Sabine G\u00f6ttel: Babelsberg 2016. Alle Rechte am Bild und am Text liegen bei der K\u00fcnstlerin.<\/p><\/div>\r\n<p>&nbsp;<\/p>\r\n<p><em>winter wirds<\/em><\/p>\r\n<p>wie sind die b\u00e4ume noch so gr\u00fcn! so leicht<br \/>verlier ich mich im wald. die r\u00e4nder funkeln<br \/>und die sonne schr\u00e4gt. ich laufe gern allein.<br \/>und lausche wie in mir die farben hallen.<\/p>\r\n<p>noch ist es herbst. doch winter wirds. was<br \/>mich ins rettungslose treibt wird kaum die<br \/>k\u00e4lte sein. ich harre und ich schweig. ich<br \/>werd in stolzen winterschlaf verfallen.<\/p>\r\n<p>im schnee versinken hals und mund. zum dach<br \/>wird mir die stirn. die augen schrein. mein haar<br \/>ist starr. es wachsen nachts die sch\u00f6nsten krallen.<\/p>\r\n<p>bald gleich ich einer burg. ummaure mich.<br \/>und trotz dem kahlen feld den pinsel ab.<br \/>schwarzwei\u00df bin ich die leiseste von allen.<\/p>\r\n<p>&nbsp;<\/p>\r\n<p><strong>Sabine G\u00f6ttel<\/strong><\/p>\r\n<p>&nbsp;<\/p>\r\n<p>&nbsp;<\/p>\r\n<p><strong>&#8230; Januar 2026:<\/strong><\/p>\r\n<p><em>Aphorismen, Notate<\/em><\/p>\r\n<p>&nbsp;<\/p>\r\n<p>Es liege alles an der Kommunikation, der Weise unserer Mitteilungen, sagen die, denen alles an Macht \u2013 und m\u00f6glichst der ungeteilten \u2013 gelegen ist.<\/p>\r\n<p>Eine Welt ohne Privatsph\u00e4re ist eine g\u00e4nzlich unmenschliche Welt. Keine Frage ist gnadenloser als die, was man denn zu verbergen habe. Sehr viel \u2013 denn Fehlbarkeit geh\u00f6rt seit Adam und Eva zum Menschsein ebenso wie Scham.<\/p>\r\n<p>Jeder ist seines Gl\u00fcckes Schmied. Man mu\u00df nur achtgeben, da\u00df man die Ausgabe des Werkzeuges bei der Geburt nicht verpa\u00dft.<\/p>\r\n<p>Seit jeher sind die lautesten Warner vor der Halbheit die Pyromanen.<\/p>\r\n<p>&nbsp;<\/p>\r\n<p><strong>Cornelius van Alsum<\/strong><\/p>\r\n<p>&nbsp;<\/p>\r\n<p>&nbsp;<\/p>\r\n<h4>&#8230; Februar 2026:<\/h4>\r\n<p><em>270 Minuten<\/em><\/p>\r\n<p>&nbsp;<\/p>\r\n<p>Wir mussten noch nie f\u00fcr das Leben in luftiger H\u00f6he Helligkeit erbeuten<br \/>oder Mitte M\u00e4rz im Westschweizer Radio Best\u00e4ndigkeit im Kehlsack sammeln<\/p>\r\n<p>Der oberste Vertreter der Sternentstehungsgebiete<br \/>ist nur 270 Minuten entfernt<br \/>und im selben Interview zu Fu\u00df erreichbar<\/p>\r\n<p>F\u00fcr viele ist der Zulieferer zirkumpolar<br \/>und Selbstliebe eine gute Dunkeladaption in der Leserin<\/p>\r\n<p>&nbsp;<\/p>\r\n<p><strong>Christine Kappe<\/strong><\/p>\r\n<p>&nbsp;<\/p>\r\n<p>&nbsp;<\/p>\r\n<h4>&#8230; M\u00e4rz 2026:<\/h4>\r\n<p>&nbsp;<\/p>\r\n<p>im geheimen ruht eine<br \/>UMBRAUT eine aufgerufene<br \/>umschau milde besehen<br \/>heiter im nehmen gegen<br \/>die allseits umliegende<br \/>umkehr gebracht<\/p>\r\n<p>&nbsp;<\/p>\r\n<p><strong>Alexandra Bernhardt<\/strong><\/p>\r\n<p>&nbsp;<\/p>\r\n<p>&nbsp;<\/p>\r\n<p>&nbsp;<\/p>\r\n<p>&nbsp;<\/p>\r\n<h3>Alle Rechte an den Logbucheintr\u00e4gen liegen bei den K\u00fcnstlerinnen und K\u00fcnstlern.<\/h3>\r\n<p>&nbsp;<\/p>\r\n","protected":false},"excerpt":{"rendered":"<p>Aus dem Logbuch f\u00fcr &#8230; \u00a0 &#8230; Oktober 2018: Intensive Suche nach Rastplatz durch alle sieben Weltmeere; schlie\u00dflich Kalmenzone gefunden. Pr\u00e4chtige Stimmung auf Gaffeln und Rahen. &nbsp; &nbsp; &#8230; November 2018: &nbsp; \u00a0 &nbsp; DRONTEN \u00dcBER DER STADTdr\u00f6hnen in den Ohren Doo \u2013 doo werden wirvor ihrem Angesicht stammeln Die Evolution verzeihtnicht den kleinsten Fehler [&hellip;]<\/p>\n","protected":false},"author":1,"featured_media":0,"parent":644,"menu_order":0,"comment_status":"closed","ping_status":"closed","template":"","meta":{"footnotes":""},"class_list":["post-677","page","type-page","status-publish","hentry"],"_links":{"self":[{"href":"https:\/\/www.kalmenzone.de\/wordpress\/wp-json\/wp\/v2\/pages\/677","targetHints":{"allow":["GET"]}}],"collection":[{"href":"https:\/\/www.kalmenzone.de\/wordpress\/wp-json\/wp\/v2\/pages"}],"about":[{"href":"https:\/\/www.kalmenzone.de\/wordpress\/wp-json\/wp\/v2\/types\/page"}],"author":[{"embeddable":true,"href":"https:\/\/www.kalmenzone.de\/wordpress\/wp-json\/wp\/v2\/users\/1"}],"replies":[{"embeddable":true,"href":"https:\/\/www.kalmenzone.de\/wordpress\/wp-json\/wp\/v2\/comments?post=677"}],"version-history":[{"count":198,"href":"https:\/\/www.kalmenzone.de\/wordpress\/wp-json\/wp\/v2\/pages\/677\/revisions"}],"predecessor-version":[{"id":2031,"href":"https:\/\/www.kalmenzone.de\/wordpress\/wp-json\/wp\/v2\/pages\/677\/revisions\/2031"}],"up":[{"embeddable":true,"href":"https:\/\/www.kalmenzone.de\/wordpress\/wp-json\/wp\/v2\/pages\/644"}],"wp:attachment":[{"href":"https:\/\/www.kalmenzone.de\/wordpress\/wp-json\/wp\/v2\/media?parent=677"}],"curies":[{"name":"wp","href":"https:\/\/api.w.org\/{rel}","templated":true}]}}