{"id":101,"date":"2013-04-07T22:07:46","date_gmt":"2013-04-07T20:07:46","guid":{"rendered":"http:\/\/www.kalmenzone.de\/wordpress\/?page_id=101"},"modified":"2024-01-01T00:02:37","modified_gmt":"2023-12-31T22:02:37","slug":"startseite","status":"publish","type":"page","link":"https:\/\/www.kalmenzone.de\/wordpress\/","title":{"rendered":"Startseite"},"content":{"rendered":"<div id=\"attachment_1779\" style=\"width: 510px\" class=\"wp-caption alignnone\"><a href=\"https:\/\/www.kalmenzone.de\/wordpress\/wp-content\/uploads\/2023\/12\/CKappe_Libelle.png\"><img loading=\"lazy\" decoding=\"async\" aria-describedby=\"caption-attachment-1779\" class=\"wp-image-1779\" src=\"https:\/\/www.kalmenzone.de\/wordpress\/wp-content\/uploads\/2023\/12\/CKappe_Libelle-724x1024.png\" alt=\"\" width=\"500\" height=\"707\" srcset=\"https:\/\/www.kalmenzone.de\/wordpress\/wp-content\/uploads\/2023\/12\/CKappe_Libelle-724x1024.png 724w, https:\/\/www.kalmenzone.de\/wordpress\/wp-content\/uploads\/2023\/12\/CKappe_Libelle-212x300.png 212w, https:\/\/www.kalmenzone.de\/wordpress\/wp-content\/uploads\/2023\/12\/CKappe_Libelle-768x1086.png 768w, https:\/\/www.kalmenzone.de\/wordpress\/wp-content\/uploads\/2023\/12\/CKappe_Libelle-1086x1536.png 1086w, https:\/\/www.kalmenzone.de\/wordpress\/wp-content\/uploads\/2023\/12\/CKappe_Libelle-1448x2048.png 1448w\" sizes=\"auto, (max-width: 500px) 100vw, 500px\" \/><\/a><p id=\"caption-attachment-1779\" class=\"wp-caption-text\">Christine Kappe: Libelle (2017). Grafik. Alle Rechte am Bild liegen bei der K\u00fcnstlerin.<\/p><\/div>\n<p>&nbsp;<\/p>\n<p style=\"text-align: justify;\">\u201e<b>Kalmen<\/b> (franz. <i>Calmes<\/i>) oder Gegend der Windstillen ist die Zone, welche die Passatwinde der beiden Erdh\u00e4lften von einander trennt. Diese Zone bildet einen schmalen, den Aequator ent\u00adlang laufenden G\u00fcrtel oder Ring, der \u00fcber den Gro\u00dfen oder Stillen Ocean im allgemeinen zwi\u00adschen 3\u00b0 s\u00fcdl. Br. und 3\u00b0 n\u00f6rdl. Br., \u00fcber den Atlantischen Ocean, immer n\u00f6rdlich vom Aequa\u00adtor, zwischen 2\u00b0\u20138\u00b0 n\u00f6rdl. Br. im Durchschnitt und \u00fcber die Kontinente zwischen 3\u00b0 s\u00fcdl. Br. und 5\u00b0 n\u00f6rdl. Br. sich erstreckt. Die Ruhe dieser Zone der Windstillen wird sehr h\u00e4ufig, mitunter fast t\u00e4glich, durch starke Gewitter und Windst\u00f6\u00dfe aus den verschiedensten Richtungen unter\u00adbrochen [\u2026]. Deshalb nennen die Seeleute diese Zone auch die Gegend der Ver\u00e4nderlichen und suchen dieselbe so rasch als m\u00f6glich zu passiren. [\u2026]\u201c<\/p>\n<p>(Meyers Konversations-Lexikon. Eine Encyklop\u00e4die des allgemeinen Wissens, 3. g\u00e4nzlich umge\u00adarb. Aufl., Bd. 9, Leipzig 1876, S. 712)<\/p>\n","protected":false},"excerpt":{"rendered":"<p>&nbsp; \u201eKalmen (franz. Calmes) oder Gegend der Windstillen ist die Zone, welche die Passatwinde der beiden Erdh\u00e4lften von einander trennt. Diese Zone bildet einen schmalen, den Aequator ent\u00adlang laufenden G\u00fcrtel oder Ring, der \u00fcber den Gro\u00dfen oder Stillen Ocean im allgemeinen zwi\u00adschen 3\u00b0 s\u00fcdl. Br. und 3\u00b0 n\u00f6rdl. Br., \u00fcber den Atlantischen Ocean, immer n\u00f6rdlich [&hellip;]<\/p>\n","protected":false},"author":1,"featured_media":0,"parent":0,"menu_order":0,"comment_status":"closed","ping_status":"closed","template":"","meta":{"footnotes":""},"class_list":["post-101","page","type-page","status-publish","hentry"],"_links":{"self":[{"href":"https:\/\/www.kalmenzone.de\/wordpress\/wp-json\/wp\/v2\/pages\/101","targetHints":{"allow":["GET"]}}],"collection":[{"href":"https:\/\/www.kalmenzone.de\/wordpress\/wp-json\/wp\/v2\/pages"}],"about":[{"href":"https:\/\/www.kalmenzone.de\/wordpress\/wp-json\/wp\/v2\/types\/page"}],"author":[{"embeddable":true,"href":"https:\/\/www.kalmenzone.de\/wordpress\/wp-json\/wp\/v2\/users\/1"}],"replies":[{"embeddable":true,"href":"https:\/\/www.kalmenzone.de\/wordpress\/wp-json\/wp\/v2\/comments?post=101"}],"version-history":[{"count":70,"href":"https:\/\/www.kalmenzone.de\/wordpress\/wp-json\/wp\/v2\/pages\/101\/revisions"}],"predecessor-version":[{"id":1784,"href":"https:\/\/www.kalmenzone.de\/wordpress\/wp-json\/wp\/v2\/pages\/101\/revisions\/1784"}],"wp:attachment":[{"href":"https:\/\/www.kalmenzone.de\/wordpress\/wp-json\/wp\/v2\/media?parent=101"}],"curies":[{"name":"wp","href":"https:\/\/api.w.org\/{rel}","templated":true}]}}